{"id":9073,"date":"2026-01-26T13:02:42","date_gmt":"2026-01-26T12:02:42","guid":{"rendered":"https:\/\/igualdad.us.es\/wpblog\/?page_id=9073"},"modified":"2026-01-26T14:05:12","modified_gmt":"2026-01-26T13:05:12","slug":"repositorio-de-las-iniciativas-en-materia-de-igualdad-de-genero","status":"publish","type":"page","link":"https:\/\/igualdad.us.es\/wpblog\/recursos\/repositorio-de-las-iniciativas-en-materia-de-igualdad-de-genero\/","title":{"rendered":"Repositorio de las Iniciativas en materia de Igualdad de G\u00e9nero de la US"},"content":{"rendered":"\r\n<p><span style=\"color: #800080;\"><strong>REPOSITORIO DE RECURSOS DESARROLLADOS EN LAS INICIATIVAS EN MATERIA DE IGUALDAD DE G\u00c9NERO FINANCIADAS POR LA UNIDAD PARA LA IGUALDAD<\/strong><\/span><\/p>\r\n<p style=\"text-align: justify;\">A trav\u00e9s de las Convocatorias para el Desarrollo de Iniciativas en Materia de Igualdad de G\u00e9nero, la Unidad para la Igualdad financia todos los a\u00f1os numerosas actividades, campa\u00f1as y materiales para promover la igualdad real y efectiva entre mujeres y hombres en nuestra comunidad.<\/p>\r\n<p style=\"text-align: justify;\">Muchas de estas iniciativas se enfocan a elaborar y producir recursos de distinto tipo (gu\u00edas, informes, v\u00eddeos, documentales, etc.) que pueden resultar de gran inter\u00e9s y utilidad para estudiantes, PDI y PTGAS.<\/p>\r\n<p style=\"text-align: justify;\">Consulta este repositorio para acceder a los recursos existentes.<\/p>\r\n\r\n\r\n\n<table id=\"tablepress-1\" class=\"tablepress tablepress-id-1\" aria-describedby=\"tablepress-1-description\">\n<thead>\n<tr class=\"row-1\">\n\t<th colspan=\"5\" class=\"column-1\"><strong>Repositorio de las CONVOCATORIAS PARA EL DESARROLLO DE INICIATIVAS EN MATERIA DE IGUALDAD DE G\u00c9NERO de la Universidad de Sevilla<\/strong><\/th>\n<\/tr>\n<tr class=\"row-2\">\n\t<th class=\"column-1\"><strong>A\u00f1o<\/strong><\/th><th class=\"column-2\"><strong>N\u00ba.Ref<\/strong><\/th><th class=\"column-3\"><strong>REPOSITORIO<\/strong><\/th><th class=\"column-4\"><strong>Descripci\u00f3n<\/strong><\/th><th class=\"column-5\"><strong>Enlaces<\/strong><\/th>\n<\/tr>\n<\/thead>\n<tbody class=\"row-striping row-hover\">\n<tr class=\"row-3\">\n\t<td class=\"column-1\">2015<\/td><td class=\"column-2\">814<\/td><td class=\"column-3\">Informe de Referentes en Estudios de Mujeres y de G\u00e9nero<\/td><td class=\"column-4\">Este estudio busca crear un registro de expertos en Estudios de Mujeres y de G\u00e9nero en la Universidad de Sevilla, con el fin de evaluar c\u00f3mo se integra la perspectiva de g\u00e9nero en las actividades acad\u00e9micas. La iniciativa, impulsada por la Unidad para la Igualdad, cumple con el II Plan de Igualdad y forma parte de una convocatoria de ayudas para proyectos de igualdad de g\u00e9nero en 2015. La investigaci\u00f3n no solo proporciona un inventario de especialistas, sino que tambi\u00e9n analiza sus aportaciones, ofreciendo as\u00ed una visi\u00f3n integral de la producci\u00f3n acad\u00e9mica en este campo dentro de la universidad. <\/td><td class=\"column-5\"><p><a href=\"https:\/\/uses0-my.sharepoint.com\/:b:\/g\/personal\/igualdadweb_us_es\/IQBheTfI6-yITJaLO3VjpvVbAV_lnWA4GqLQcboEJmKKE-A?e=5YqurB\" target=\"_blank\" rel=\"noopener\">Pulsar para ver.<\/a><\/p><\/td>\n<\/tr>\n<tr class=\"row-4\">\n\t<td class=\"column-1\">2015<\/td><td class=\"column-2\">220-S<\/td><td class=\"column-3\">Libro Gu\u00eda pr\u00e1ctica para la elaboraci\u00f3n de informes de evaluaci\u00f3n del impacto de g\u00e9nero en la normativa de la Universidad de Sevilla<\/td><td class=\"column-4\">A trav\u00e9s de esta gu\u00eda se pretende comprender en qu\u00e9 consiste la herramienta para la evaluaci\u00f3n del impacto en funci\u00f3n del g\u00e9nero y, sobre todo, c\u00f3mo se realiza el Informe de impacto, para que se convierta en un instrumento eficaz al servicio de la consecuci\u00f3n de la igualdad real en la US.<\/td><td class=\"column-5\"><p><a href=\"https:\/\/uses0-my.sharepoint.com\/:b:\/g\/personal\/igualdadweb_us_es\/IQAnjN39P0AFQZlQIN-ZhrmNAWdkNNbFLjURWlpkXDaGp00?e=eKUEhP\" target=\"_blank\" rel=\"noopener\">Pulsar para ver.<\/a><\/p><br \/>\n<\/td>\n<\/tr>\n<tr class=\"row-5\">\n\t<td class=\"column-1\">2016<\/td><td class=\"column-2\">407<\/td><td class=\"column-3\">V\u00eddeo Si las paredes hablasen, ni golpes que duelan, ni palabras que hieran<\/td><td class=\"column-4\">Este breve documental ilustra las diversas formas de violencia de g\u00e9nero que experimentan numerosas mujeres en su \u00e1mbito m\u00e1s personal. El v\u00eddeo se centra en mostrar c\u00f3mo estas situaciones de abuso son perpetradas frecuentemente por las personas m\u00e1s pr\u00f3ximas a las v\u00edctimas, espec\u00edficamente sus parejas sentimentales.<\/td><td class=\"column-5\"><p><a href=\"https:\/\/vimeo.com\/192016580\" target=\"_blank\" rel=\"noopener\">Pulsar para ver.<\/a><\/p><br \/>\n<\/td>\n<\/tr>\n<tr class=\"row-6\">\n\t<td class=\"column-1\">2016<\/td><td class=\"column-2\">17102<\/td><td class=\"column-3\">Estudio de viabilidad de la implantaci\u00f3n de salas de lactancia materna en los campus de la US<\/td><td class=\"column-4\">Este documento presenta los resultados de un estudio transversal descriptivo realizado entre noviembre de 2016 y enero de 2017, que eval\u00faa la viabilidad de implementar salas de lactancia en los campus de la Universidad de Sevilla. La investigaci\u00f3n combina m\u00e9todos cuantitativos y cualitativos, incluyendo entrevistas a diversos miembros de la comunidad universitaria. El informe ofrece conclusiones sobre la disposici\u00f3n de la comunidad hacia la implementaci\u00f3n de estas salas, as\u00ed como los obst\u00e1culos y factores facilitadores para su establecimiento.<\/td><td class=\"column-5\"><p><a href=\"https:\/\/uses0-my.sharepoint.com\/:b:\/g\/personal\/igualdadweb_us_es\/IQB7DNZ_hCMlRLIzr_NmsmBSAR2JRaSfg6WavKlagdwMZOI\" target=\"_blank\" rel=\"noopener\">Pulsar para ver.<\/a><\/p><br \/>\n<\/td>\n<\/tr>\n<tr class=\"row-7\">\n\t<td class=\"column-1\">2016<\/td><td class=\"column-2\">17613<\/td><td class=\"column-3\">Estudio sobre el grado de satisfacci\u00f3n de la comunidad universitaria con las medidas de conciliaci\u00f3n de la US y propuestas de mejora<\/td><td class=\"column-4\">Esta investigaci\u00f3n  busca  realizar una evaluaci\u00f3n de las acciones que se implementan en el II Plan de Igualdad de la Universidad de Sevilla en materia de conciliaci\u00f3n. Se pretende analizar si las medidas desplegadas en tema de igualdad y conciliaci\u00f3n resultan de inter\u00e9s, si son suficientes y adecuadas para las necesidades. Adicionalmente, realiza un sondeo de detallado a la poblaci\u00f3n objetivo sobre nuevas propuestas que mejoren la conciliaci\u00f3n laboral, personal y familiar de la comunidad universitaria.  <\/td><td class=\"column-5\"><p><a href=\"https:\/\/uses0-my.sharepoint.com\/:b:\/g\/personal\/igualdadweb_us_es\/IQA13n8op9pYTpICw-JmgZNdASaaa1kNZ2MyVD2Yb9llp-M?e=4b8uGY\" target=\"_blank\" rel=\"noopener\">Pulsar para ver.<\/a><\/p><br \/>\n<\/td>\n<\/tr>\n<tr class=\"row-8\">\n\t<td class=\"column-1\">2017<\/td><td class=\"column-2\">9000<\/td><td class=\"column-3\">Libro Calidad informativa y violencias contra las mujeres. Gu\u00eda de recursos para la comuniaci\u00f3n.<\/td><td class=\"column-4\">Esta Gu\u00eda de Recursos para la Comunicaci\u00f3n tiene un doble prop\u00f3sito: presenta un an\u00e1lisis actualizado sobre c\u00f3mo los medios abordan la violencia contra las mujeres;  y sirve como manual pr\u00e1ctico destinado tanto a la ense\u00f1anza universitaria en comunicaci\u00f3n como a profesionales del sector. Su objetivo es proporcionar herramientas y conocimientos para mejorar la cobertura medi\u00e1tica de este tema crucial.<\/td><td class=\"column-5\"><p><a href=\"https:\/\/idus.us.es\/items\/8c7e6d7c-e414-4bcd-8e91-85065f044aa6\" target=\"_blank\" rel=\"noopener\">Pulsar para ver.<\/a><\/p><br \/>\n<\/td>\n<\/tr>\n<tr class=\"row-9\">\n\t<td class=\"column-1\">2017<\/td><td class=\"column-2\">9332<\/td><td class=\"column-3\">Estudio sobre la ciberdelincuencia sexual en poblaci\u00f3n joven universitaria de la Universidad de Sevilla<strong> <\/strong>(BORRADOR)<\/td><td class=\"column-4\">Este informe presenta una investigaci\u00f3n exhaustiva compuesta por cuatro estudios enfocados en la ciberdelincuencia sexual que afecta a la poblaci\u00f3n estudiantil de la Universidad de Sevilla. El proyecto examina diversos aspectos, incluyendo la percepci\u00f3n social, las actitudes hacia la ciberviolencia sexual, la participaci\u00f3n en conductas de riesgo como el sexting, las intenciones de los hombres de cometer actos de violencia sexual en l\u00ednea y las reacciones de las mujeres como potenciales ciberv\u00edctimas<\/td><td class=\"column-5\"><p><a href=\"https:\/\/uses0-my.sharepoint.com\/:b:\/g\/personal\/igualdadweb_us_es\/IQCNs6WHbXpbRqEoB_YeaR6mATJ2U-TgwCZsyvSuuVuQN1I?e=qDLXwO\" target=\"_blank\" rel=\"noopener\">Pulsar para ver.<\/a><\/p><br \/>\n<\/td>\n<\/tr>\n<tr class=\"row-10\">\n\t<td class=\"column-1\">2017<\/td><td class=\"column-2\">9511<\/td><td class=\"column-3\">Estudio sobre la conveniencia de incorporar a la oferta del SADUS cursos de preparaci\u00f3n al parto<\/td><td class=\"column-4\">Este informe presenta los resultados de una investigaci\u00f3n sobre la posible inclusi\u00f3n de cursos de preparaci\u00f3n al parto en la oferta del SADUS (Servicio de Actividades Deportivas de la Universidad de Sevilla). El estudio eval\u00faa el potencial impacto de implementar sesiones formativas para la comunidad universitaria centradas en temas de maternidad y paternidad saludable, explorando as\u00ed la viabilidad y beneficios de esta iniciativa en el \u00e1mbito universitario<\/td><td class=\"column-5\"><p><a href=\"https:\/\/uses0-my.sharepoint.com\/:b:\/g\/personal\/igualdadweb_us_es\/IQCEd74mjs55TrgSuT2QVYbZAQheJVihh77jTH7KzQDI3Pg?e=sYQWJ5\" target=\"_blank\" rel=\"noopener\">Pulsar para ver.<\/a><\/p><br \/>\n<\/td>\n<\/tr>\n<tr class=\"row-11\">\n\t<td class=\"column-1\">2018<\/td><td class=\"column-2\">6044<\/td><td class=\"column-3\">Estudio Fomentar la investigaci\u00f3n en el \u00e1rea de estudios de la mujer y de g\u00e9nero<\/td><td class=\"column-4\">Esta investigaci\u00f3n busca cumplir con uno de los objetivos del II Plan de Igualdad de la Universidad de Sevilla. Su prop\u00f3sito es evaluar el estado actual de los estudios de g\u00e9nero realizados en la instituci\u00f3n, identificando las \u00e1reas de conocimiento donde existen carencias o necesidades espec\u00edficas en este camp<\/td><td class=\"column-5\"><p><a href=\"https:\/\/uses0-my.sharepoint.com\/:b:\/g\/personal\/igualdadweb_us_es\/IQB5k7gXyKhASItX3WRKRB7DAQR32_yCiD5ZaEDN06XPMqA?e=Zjmcdt\" target=\"_blank\" rel=\"noopener\">Pulsar para ver.<\/a><\/p><br \/>\n<\/td>\n<\/tr>\n<tr class=\"row-12\">\n\t<td class=\"column-1\">2018<\/td><td class=\"column-2\">6161<\/td><td class=\"column-3\">V\u00eddeo Cient\u00edficas: pasado, presente y futuro<\/td><td class=\"column-4\">Este v\u00eddeo documental recoge una representaci\u00f3n teatral de la campa\u00f1a \u00abCient\u00edficas: pasado, presente y futuro\u00bb, en la que cinco profesoras y un t\u00e9cnico de laboratorio de la Universidad de Sevilla interpretan a cient\u00edficas hist\u00f3ricas invisibilizadas. Dirigido a ni\u00f1as y ni\u00f1os de entre 8 y 14 a\u00f1os, busca fomentar vocaciones cient\u00edficas y destacar los logros de mujeres en la ciencia. Subvencionado por la Unidad para la Igualdad de la US y la FECYT, el corto est\u00e1 dise\u00f1ado para ser proyectado en centros escolares.<\/td><td class=\"column-5\"><p><a href=\"https:\/\/youtu.be\/w1HSkl8kjG8?si=qAeGIB9RoytUVUCO\" target=\"_blank\" rel=\"noopener\">Pulsar para ver.<\/a><\/p><\/td>\n<\/tr>\n<tr class=\"row-13\">\n\t<td class=\"column-1\">2018<\/td><td class=\"column-2\">6250<\/td><td class=\"column-3\">Libro La Universidad en clave de g\u00e9nero<\/td><td class=\"column-4\">Este libro sirve como base para discutir y reflexionar sobre la inclusi\u00f3n y naturaleza de contenidos cient\u00edficos con perspectiva de g\u00e9nero en la educaci\u00f3n universitaria. A trav\u00e9s de varios cap\u00edtulos que analizan diferentes contextos, la obra proporciona evidencias y argumentos para incorporar estos contenidos. Examina el compromiso de la Universidad y su profesorado con la igualdad, enfoc\u00e1ndose en c\u00f3mo la perspectiva de g\u00e9nero se integra en los principios, competencias y contenidos de la formaci\u00f3n ofrecida a futuros profesionales.<\/td><td class=\"column-5\"><p><a href=\"https:\/\/fama.us.es\/permalink\/34CBUA_US\/3enc2g\/alma991013270816804987\" target=\"_blank\" rel=\"noopener\">Pulsar para ver.<\/a><\/p><\/td>\n<\/tr>\n<tr class=\"row-14\">\n\t<td class=\"column-1\">2019<\/td><td class=\"column-2\">565<\/td><td class=\"column-3\">Videos Campa\u00f1a Igual No Da<\/td><td class=\"column-4\">Tres v\u00eddeos documentales que a trav\u00e9s de lema IGUALNODA, donde se pregunta a la comunidad universitaria sobre temas como la  igualdad de g\u00e9nero en los medios audiovisuales, se presentan im\u00e1genes de las campa\u00f1as realizadas en \u00e1mbitos educativos, frases machistas, im\u00e1genes de micromaschismo en lugares p\u00fablicos, etc. <\/td><td class=\"column-5\"><a href=\"https:\/\/uses0-my.sharepoint.com\/:v:\/g\/personal\/igualdadweb_us_es\/IQCHxUC-6QOKSZNrVS9ruauAAYCyM5UoWem5Ci3Rl6rI8ac?nav=eyJyZWZlcnJhbEluZm8iOnsicmVmZXJyYWxBcHAiOiJPbmVEcml2ZUZvckJ1c2luZXNzIiwicmVmZXJyYWxBcHBQbGF0Zm9ybSI6IldlYiIsInJlZmVycmFsTW9kZSI6InZpZXciLCJyZWZlcnJhbFZpZXciOiJNeUZpbGVzTGlua0NvcHkifX0&#038;e=g5mwtA\" target=\"_blank\" rel=\"noopener\">Pulsar para ver.<\/a><\/p><\/td>\n<\/tr>\n<tr class=\"row-15\">\n\t<td class=\"column-1\">2019<\/td><td class=\"column-2\">6148<\/td><td class=\"column-3\">Elaboraci\u00f3n de materiales de sensibilizaci\u00f3n sobre violencia sexual para la comunidad universitaria de la Universidad de Sevilla<\/td><td class=\"column-4\">Cartel, d\u00edptico y pegatinas de la Campa\u00f1a de Sensibilizaci\u00f3n sobre Violencia Sexual para la Comunidad Universitaria de la Universidad de Sevilla que realiz\u00f3 en 2019. Incluye conceptos y se facilita una serie de servicios y recursos donde poder acudir, que hacer si se sufre este tipo de violencia sexual y que podemos hacer para frenar este tipo de violencia.<\/td><td class=\"column-5\"><p><a href=\"https:\/\/uses0-my.sharepoint.com\/:b:\/g\/personal\/igualdadweb_us_es\/IQB9e9ehCfGrTa8CZcJGYHZwAYk0ysn2GUDcixorx0YQuhg?e=LyYUJr\" target=\"_blank\" rel=\"noopener\">Pulsar para ver.<\/a><\/p><\/td>\n<\/tr>\n<tr class=\"row-16\">\n\t<td class=\"column-1\">2019<\/td><td class=\"column-2\">6278<\/td><td class=\"column-3\">C\u00f3mic Cient\u00edficas: pasado, presente y futuro<\/td><td class=\"column-4\">El c\u00f3mic ilustra la representaci\u00f3n teatral \u00abCient\u00edficas: Pasado, Presente y Futuro\u00bb, donde cinco acad\u00e9micas e investigadoras de la Universidad de Sevilla interpretan a destacadas cient\u00edficas hist\u00f3ricas. Esta iniciativa naci\u00f3 con el prop\u00f3sito de ofrecer modelos femeninos en el \u00e1mbito cient\u00edfico a ni\u00f1as y ni\u00f1os, demostrando que las contribuciones a la ciencia provienen tanto de mujeres como de hombres.<\/td><td class=\"column-5\"><p><a href=\"https:\/\/institucional.us.es\/cientificas\/comic-cientificas\/\" target=\"_blank\" rel=\"noopener\">Pulsar para ver.<\/a><\/p><\/td>\n<\/tr>\n<tr class=\"row-17\">\n\t<td class=\"column-1\">2019<\/td><td class=\"column-2\">6279<\/td><td class=\"column-3\">Conclusiones para la elaboraci\u00f3n de gu\u00edas para una docencia con perspectiva de g\u00e9nero<\/td><td class=\"column-4\">En el documento se encuentra una serie de conclusiones referentes a la aplicaci\u00f3n del enfoque de g\u00e9nero en la docencia universitaria. En las \u00e1reas de ingenier\u00eda, ciencia experimental, educaci\u00f3n y salud.<\/td><td class=\"column-5\"><p><a href=\"https:\/\/uses0-my.sharepoint.com\/:b:\/g\/personal\/igualdadweb_us_es\/IQDiX_keKLcMQbu8usr6d4rsAfiCvnhSdAghT3WGqe1XvrM?e=VJ5fXt\" target=\"_blank\" rel=\"noopener\">Pulsar para ver.<\/a><\/p><\/td>\n<\/tr>\n<tr class=\"row-18\">\n\t<td class=\"column-1\">2020<\/td><td class=\"column-2\">13085<\/td><td class=\"column-3\">Libro Gu\u00eda de G\u00e9nero y Salud<\/td><td class=\"column-4\">Esta gu\u00eda es una herramienta para trabajar en seminarios y grupos reducidos que busca capacitar en temas de g\u00e9nero, principalmente dirigida a estudiantes de la universidad. Para esto, incluye temas como: la salud de mujeres y hombres y el impacto que tiene la construcci\u00f3n cultural del g\u00e9nero en la misma; las especificidades del maltrato contra las mujeres y la aproximaci\u00f3n desde la atenci\u00f3n sanitaria; otras violencias invisibilizadas; la construcci\u00f3n de la identidad de g\u00e9nero; mitos, estereotipos y creencias. Dentro de las actividades propuestas est\u00e1n: ejercicios vivenciales, grupos de discusi\u00f3n, v\u00eddeof\u00f3rum, rol playing, art\u00edculos o estudio de casos, entre otras.<\/td><td class=\"column-5\"><p><a href=\"https:\/\/uses0-my.sharepoint.com\/:b:\/g\/personal\/igualdadweb_us_es\/IQBICEmH8AxnSpumwCCbir1CAQxYUfuRcNG-s52bOdmr2g0?e=iAQy0j\" target=\"_blank\" rel=\"noopener\">Pulsar para ver.<\/a><\/p><\/td>\n<\/tr>\n<tr class=\"row-19\">\n\t<td class=\"column-1\">2020<\/td><td class=\"column-2\">13753<\/td><td class=\"column-3\">Libro Gu\u00eda sobre Diversidad sexual y la Identidad de g\u00e9nero en la Universidad de Sevilla<\/td><td class=\"column-4\">Esta gu\u00eda brinda un sistema de pr\u00e1cticas y comportamientos m\u00e1s inclusivos, ampliando el campo de la heteronormatividad y abarcando realidades y formas de sentir, ser y pensar que no suelen tener cabida en nuestro sistema actual. Busca servir de refugio para personas del colectivo LGTBI, para que puedan sentirse identificadas y escuchadas, sintiendo que se les brinda un espacio seguro y son tenidas en cuenta dentro de la universidad. Esta gu\u00eda plantea definiciones de conceptos clave, experiencias del alumnado y personal de la comunidad universitaria, buenas pr\u00e1cticas y recomendaciones.<\/td><td class=\"column-5\"><p><a href=\"https:\/\/uses0-my.sharepoint.com\/:b:\/g\/personal\/igualdadweb_us_es\/IQBICEmH8AxnSpumwCCbir1CAQxYUfuRcNG-s52bOdmr2g0?e=iAQy0j\" target=\"_blank\" rel=\"noopener\">Pulsar para ver.<\/a><\/p><\/td>\n<\/tr>\n<tr class=\"row-20\">\n\t<td class=\"column-1\">2020<\/td><td class=\"column-2\">13943<\/td><td class=\"column-3\">Libro Gu\u00eda de Asesoramiento al profesorado para trabajar en el aula el 8 de Marzo<\/td><td class=\"column-4\">Se trata de una gu\u00eda dirigida a docentes de la Universidad de Sevilla que contiene  nueve actividades para trabajar en clase la igualdad de g\u00e9nero con motivo del 8 de Marzo Conmemoraci\u00f3n del D\u00eda Internacional de la Mujer. El prop\u00f3sito de esta Gu\u00eda es proporcionar orientaci\u00f3n y recursos al personal docente de la Universidad de Sevilla para abordar la tem\u00e1tica de la igualdad de g\u00e9nero en sus clases, especialmente en torno al 8 de marzo. La Gu\u00eda incluye actividades espec\u00edficamente dise\u00f1adas para facilitar esta labor educativa.<\/td><td class=\"column-5\"><p><a href=\"https:\/\/editorial.us.es\/es\/detalle-libro\/720317\/guia-de-asesoramiento-al-profesorado-para-trabajar-en-las-aulas-el-dia-8-de-marzo\" target=\"_blank\" rel=\"noopener\">Pulsar para ver.<\/a><\/p><\/td>\n<\/tr>\n<tr class=\"row-21\">\n\t<td class=\"column-1\">2020<\/td><td class=\"column-2\">13965<\/td><td class=\"column-3\">V\u00eddeo Campa\u00f1a de sensibilizaci\u00f3n Mujer y Dise\u00f1o en Andaluc\u00eda. De lo micro a lo macro<\/td><td class=\"column-4\">v\u00eddeo que contiene la grabaci\u00f3n  de la \u00abJornada Dise\u00f1o y Mujer Andalucia. De lo Micro a lo Macro\u00bb 2020, proyecto que tiene como objetivo visibilizar el aporte y trabajo de la mujer en distintas \u00e1reas de dise\u00f1o en la region de Andalucia, abarcando desde la expresion gr\u00e1fica de una idea hasta el dise\u00f1o urbano. En este v\u00eddeo, encontrar\u00e1s una jornada con distintas exponentes de la regi\u00f3n que dinamizan paneles y mesa de debate, adem\u00e1s de comentar sus diversas iniciativas para visibilizar a la mujer en los espacios creativos y de dise\u00f1o andaluz.<\/td><td class=\"column-5\"><p><a href=\"https:\/\/youtu.be\/GoifpCjPMnY?si=KdlWIrYmKTsJPTAQ\" target=\"_blank\" rel=\"noopener\">Pulsar para ver.<\/a><\/p><\/td>\n<\/tr>\n<tr class=\"row-22\">\n\t<td class=\"column-1\">2020<\/td><td class=\"column-2\">14047<\/td><td class=\"column-3\">V\u00eddeo la Mujer investigadora en la Universidad de Sevilla<\/td><td class=\"column-4\">Campa\u00f1a de sensibilizaci\u00f3n a trav\u00e9s de un corto v\u00eddeo de 5 minutos de pizarra blanca, visibilizando a mujeres cient\u00edficas de la US, sus logros e historias de vida, asi como techos de cristal y prejuicios que han tenido que enfrentar para poder llegar donde est\u00e1n debido a las desigualdades de g\u00e9nero.<\/td><td class=\"column-5\"><p><a href=\"https:\/\/youtu.be\/IwEWNkAkhJY?si=uklQFyQiMR5IDtZ4\" target=\"_blank\" rel=\"noopener\">Pulsar para ver.<\/a><\/p><\/td>\n<\/tr>\n<tr class=\"row-23\">\n\t<td class=\"column-1\">2020<\/td><td class=\"column-2\">14101<\/td><td class=\"column-3\">Estudio La perspectiva de g\u00e9nero en la metodolog\u00eda de aprendizaje sca + tpack para la mejora de la dimensi\u00f3n social de la sostenibilidad en el espacio p\u00fablico de la ciudad<\/td><td class=\"column-4\">Un grupo de mujeres arquitectas urban\u00edstas desarrollan un estudio sobre la necesidad de la incorporaci\u00f3n de la perspectiva de g\u00e9nero en la metodolog\u00eda de aprendizaje sca + tpack  (Sistema Cooperativo de Aprendizaje + Conocimiento T\u00e9cnico Pedag\u00f3gico del Contenido) para garantizar que el alumnado adquiera estas competencias y que este enfoque se evidencie en la planificaci\u00f3n y el dise\u00f1o urbano de manera prioritaria y estructural, para la construcci\u00f3n de espacios p\u00fablicos integrales, seguros y c\u00f3modos para todas las personas.<\/td><td class=\"column-5\"><p><a href=\"https:\/\/uses0-my.sharepoint.com\/:b:\/g\/personal\/igualdadweb_us_es\/IQDgIhx07QtvRpITmhxHchYEAfgGbOL_ccQOlwMbVr_5qGQ?e=x4Kvq2\" target=\"_blank\" rel=\"noopener\">Pulsar para ver.<\/a><\/p><\/td>\n<\/tr>\n<tr class=\"row-24\">\n\t<td class=\"column-1\">2020<\/td><td class=\"column-2\">14221<\/td><td class=\"column-3\">Posters de la Campa\u00f1a sensibilizaci\u00f3n de la detecci\u00f3n a la acci\u00f3n en la discriminaci\u00f3n de g\u00e9nero y la cotidianidad de la comunidad universitaria.<\/td><td class=\"column-4\">Campa\u00f1a de sensibilizaci\u00f3n \u00abDetecta, reacciona y soluciona\u00bb, que mediante 2 infograf\u00edas presentan distintas reflexiones y estrategias de detecci\u00f3n, acci\u00f3n e intervenci\u00f3n ante situaciones de desigualdad y discriminaci\u00f3n por raz\u00f3n de g\u00e9nero cotidianas y visibles tambi\u00e9n en la comunidad universitaria.<\/td><td class=\"column-5\"><p><a href=\"https:\/\/uses0-my.sharepoint.com\/:b:\/g\/personal\/igualdadweb_us_es\/IQBRYF2-u6AKSpUImN_aGr7PAcfFB5ypON3OPmERqSk891U?e=zQ67Ii\" target=\"_blank\" rel=\"noopener\">Pulsar para ver.<\/a><\/p><\/td>\n<\/tr>\n<tr class=\"row-25\">\n\t<td class=\"column-1\">2020<\/td><td class=\"column-2\">14268<\/td><td class=\"column-3\">V\u00eddeo Manifestaci\u00f3n de Hombres contra las Violencias Machistas 21-oct-21<\/td><td class=\"column-4\">Campa\u00f1a de sensibilizaci\u00f3n del foro \u00abhombres por la igualdad\u00bb, un v\u00eddeo corto de 4 minutos que combina poes\u00eda, im\u00e1genes de manifestaci\u00f3n y fragmentos de una entrevista de 2006 a Jos\u00e9 Saramago quien habla del maltrato y el papel fundamental que tienen los hombres en la lucha contra las violencias machistas.<\/td><td class=\"column-5\"><p><a href=\"https:\/\/www.youtube.com\/watch?v=N6ty2awKElw\" target=\"_blank\" rel=\"noopener\">Pulsar para ver.<\/a><\/p><\/td>\n<\/tr>\n<tr class=\"row-26\">\n\t<td class=\"column-1\">2020<\/td><td class=\"column-2\">14316-S<\/td><td class=\"column-3\">Libro Exposici\u00f3n fotogr\u00e1fica Luminosas, brillando diferentes, alumbrando en igualdad<\/td><td class=\"column-4\">Esta obra colectiva de fotograf\u00eda, poes\u00eda, narrativa breve y prosa ensay\u00edstica supone el primer libro colectivo de la asociaci\u00f3n Luminosas, complementando un conjunto de iniciativas que busca promover los valores de igualdad, dignidad y justicia social a trav\u00e9s del feminismo. Para este primer volumen, las autoras han contado con la colaboraci\u00f3n de Rosa Casado Mej\u00eda, Chus Garc\u00eda Fern\u00e1ndez, Olga G\u00f3mez Carrasco, Isabel Mart\u00edn, Ana P\u00e9rez Ca\u00f1amares, Alicia Rius Buitrago y Victoria Pe\u00f1afiel Ducr\u00f2s. El granito que Luminosas espera aportar es el de la mirada sosegada y en positivo, la palabra disfrutada y la reflexi\u00f3n compartida como base para la acci\u00f3n consciente hacia un mundo en el que cada uno pueda brillar a su manera pero en igualdad de condiciones y derechos.<br \/>\n<\/td><td class=\"column-5\"><p><a href=\"https:\/\/editorial.us.es\/es\/detalle-libro\/720183\/luminosas\" target=\"_blank\" rel=\"noopener\">Pulsar para ver.<\/a><\/p><\/td>\n<\/tr>\n<tr class=\"row-27\">\n\t<td class=\"column-1\">2021<\/td><td class=\"column-2\">5<\/td><td class=\"column-3\">Libro Gu\u00eda para docentes:  Creencias, actitudes y motivaciones la violencia en las relaciones de noviazgo en j\u00f3venes y adolescentes<\/td><td class=\"column-4\">Guia para docentes publicada en 2022, que sirve como recurso did\u00e1ctico con teor\u00eda y m\u00faltiples actividades para ayudar a las personas profesionales que trabajen con j\u00f3venes y adolescentes a conocer y detectar creencias, actitudes y motivaciones relacionadas con violencia de g\u00e9nero dentro de las relaciones afectivas de pareja, noviazgo o \u00abcortejo\u00bb, para as\u00ed lograr identificar y prevenir los riesgos que estas suponen en dichas relaciones.<\/td><td class=\"column-5\"><p><a href=\"https:\/\/editorial.us.es\/es\/detalle-libro\/720384\/creencias-actitudes-y-motivaciones-de-la-violencia-en-las-relaciones-de-noviazgo-en-jovenes-y-adolescentes\" target=\"_blank\" rel=\"noopener\">Pulsar para ver.<\/a><\/p><\/td>\n<\/tr>\n<tr class=\"row-28\">\n\t<td class=\"column-1\">2021<\/td><td class=\"column-2\">8<\/td><td class=\"column-3\">Libro INNOGEN. Gu\u00eda de innovaci\u00f3n docente con perspectiva de g\u00e9nero en Comunicaci\u00f3n<\/td><td class=\"column-4\">Gu\u00eda que presenta la importancia de investigar, estudiar y de actuar para incluir la perspectiva de g\u00e9nero en Comunicaci\u00f3n, presentando recursos, metodolog\u00edas y directrices que pueden aplicar docentes en sus pr\u00e1cticas de formaci\u00f3n, creaci\u00f3n y ense\u00f1anza con el alumnado.<\/td><td class=\"column-5\"><p><a href=\"https:\/\/editorial.us.es\/es\/detalle-libro\/720364\/innogen\" target=\"_blank\" rel=\"noopener\">Pulsar para ver.<\/a><\/p><\/td>\n<\/tr>\n<tr class=\"row-29\">\n\t<td class=\"column-1\">2021<\/td><td class=\"column-2\">15<\/td><td class=\"column-3\">V\u00eddeo Documental Hombres en lucha por la igualdad <\/td><td class=\"column-4\">Documental de 30 minutos que entrevista a distintos hombres de la comunidad universitaria de la US (PDI, PTGAS, estudiantes) y externos expertos en g\u00e9nero y\/o violencias machistas, para mostrar su percepci\u00f3n sobre: la desigualdad entre hombres y mujeres en la universidad, c\u00f3mo combatirla, los avances, obst\u00e1culos, nuevos objetivos para alcanzar la igualdad, el miedo al feminismo, ser hombre feminista, la masculinidad que defienden, las repercuciones de alejarse del modelo tradicional masculino, modelos de masculinidad de referencia, ventajas del movimiento feminista para los hombres, surgimiento de los grupos de hombres por la igualdad de g\u00e9nero, labor de estos grupos, y maneras de acompa\u00f1ar los hombres a las mujeres en el camino de la igualdad.<\/td><td class=\"column-5\"><p><a href=\"https:\/\/youtu.be\/5QjMsNPHyRE?si=WOItUnm7sM9Z4xTW\" target=\"_blank\" rel=\"noopener\">Pulsar para ver.<\/a><\/p><\/td>\n<\/tr>\n<tr class=\"row-30\">\n\t<td class=\"column-1\">2021<\/td><td class=\"column-2\">26<\/td><td class=\"column-3\">V\u00eddeo Cient\u00edficas: pasado, presente y futuro, en Audio descrito y Lenguaje de signos.<br \/>\n<\/td><td class=\"column-4\">Campa\u00f1a de sensibilizaci\u00f3n \u00abCient\u00edficas Accesibles\u00bb compuesta por 1 audio, 3 v\u00eddeos, que tratan sobre mujeres cient\u00edficas, dirigido a todas las personas, pero ajustado con medidas razonables inclusivas para el acceso de este material a las personas con capacidades diversas. Los materiales se reparten de la siguiente manera: <br \/>\nA.\tAudio de 20 minutos en audio descriptivo de \u00abAudio Cient\u00edficas: pasado, presente y futuro\u00bb sobre 5 cient\u00edficas del pasado en voces de 5 del presente (Hipat\u00eda\/Isabel, Ada\/Mar\u00eda del Carmen, Marie\/Adela, Rosalind\/Clara y Hedy\/Mar\u00eda Jos\u00e9), desde el S. IV al S.XXI; <br \/>\nB.\tv\u00eddeo de 20 minutos con lengua de signos de \u00abCient\u00edficas: pasado, presente y futuro\u00bb sobre la misma tem\u00e1tica del audio a; <br \/>\nC.\tv\u00eddeo de 9 minutos con lengua de signos sobre \u00abIr\u00e8ne Joliot-Curie. Una visita inesperada\u00bb; <br \/>\nD.\tv\u00eddeo de 16 minutos con lengua de signos sobre \u00abIsabel Zendal. Una enfermera en misi\u00f3n internacional\u00bb.<br \/>\n<\/td><td class=\"column-5\"><p><a href=\"https:\/\/uses0-my.sharepoint.com\/:u:\/g\/personal\/igualdadweb_us_es\/IQB-StxDqrRAS6_IXpuk8Np_AUCvsz3W3LxYYMLovQzyS78?nav=eyJyZWZlcnJhbEluZm8iOnsicmVmZXJyYWxBcHAiOiJPbmVEcml2ZUZvckJ1c2luZXNzIiwicmVmZXJyYWxBcHBQbGF0Zm9ybSI6IldlYiIsInJlZmVycmFsTW9kZSI6InZpZXciLCJyZWZlcnJhbFZpZXciOiJNeUZpbGVzTGlua0NvcHkifX0&amp;e=oEFHgF\" target=\"_blank\" rel=\"noopener\">A. Pulsar para o\u00edr el audio A.<\/a><\/p><br \/>\n<br \/>\n<p><a href=\"https:\/\/uses0-my.sharepoint.com\/:v:\/g\/personal\/igualdadweb_us_es\/IQDeDVsYj8JWQJBkF7iToNz5AZAUcgV7n4D46pGPHdFvt44?nav=eyJyZWZlcnJhbEluZm8iOnsicmVmZXJyYWxBcHAiOiJPbmVEcml2ZUZvckJ1c2luZXNzIiwicmVmZXJyYWxBcHBQbGF0Zm9ybSI6IldlYiIsInJlZmVycmFsTW9kZSI6InZpZXciLCJyZWZlcnJhbFZpZXciOiJNeUZpbGVzTGlua0NvcHkifX0&#038;e=FcKi3n\" target=\"_blank\" rel=\"noopener\"> Pulsar para ver el v\u00eddeo B.<\/a><\/p><br \/>\n<br \/>\n<p><a href=\"https:\/\/uses0-my.sharepoint.com\/:v:\/g\/personal\/igualdadweb_us_es\/IQD5OZgz8aM7QKM5qwPScq-tAXosZXkHl6FchQK0Nm7ydhU?nav=eyJyZWZlcnJhbEluZm8iOnsicmVmZXJyYWxBcHAiOiJPbmVEcml2ZUZvckJ1c2luZXNzIiwicmVmZXJyYWxBcHBQbGF0Zm9ybSI6IldlYiIsInJlZmVycmFsTW9kZSI6InZpZXciLCJyZWZlcnJhbFZpZXciOiJNeUZpbGVzTGlua0NvcHkifX0&#038;e=rx7Qj1\" target=\"_blank\" rel=\"noopener\"> Pulsar para ver el v\u00eddeo C.<\/a><\/p><br \/>\n<br \/>\n<p><a href=\"https:\/\/uses0-my.sharepoint.com\/:v:\/g\/personal\/igualdadweb_us_es\/IQB3Qy58EwxMQ5m5mqVn0t00AbAVNUhu3ahDwloa81u_eCI?nav=eyJyZWZlcnJhbEluZm8iOnsicmVmZXJyYWxBcHAiOiJPbmVEcml2ZUZvckJ1c2luZXNzIiwicmVmZXJyYWxBcHBQbGF0Zm9ybSI6IldlYiIsInJlZmVycmFsTW9kZSI6InZpZXciLCJyZWZlcnJhbFZpZXciOiJNeUZpbGVzTGlua0NvcHkifX0&#038;e=l5uyAP\" target=\"_blank\" rel=\"noopener\"> Pulsar para ver el v\u00eddeo D.<\/a><\/p><br \/>\n<\/td>\n<\/tr>\n<tr class=\"row-31\">\n\t<td class=\"column-1\">2021<\/td><td class=\"column-2\">27<\/td><td class=\"column-3\">Posters Estudio COVID-19 y discriminaci\u00f3n por raz\u00f3n de g\u00e9nero en el <br \/>\ncontexto universitario<\/td><td class=\"column-4\">Camapa\u00f1a de sensibilizaci\u00f3n \u00abDetecta, reacciona y soluciona 2021\u00bb, compuesta por 3 infograf\u00ecas que contienen informaci\u00f3n sobre la discriminaci\u00f3n por raz\u00f3n de g\u00e9nero en la universidad, su origen, impacto, medidas para prevenir e intervenir en esta disriminaci\u00f3n ampliado a un contexto de pandemia, retos y agentes responsables.<\/td><td class=\"column-5\"><p><a href=\"https:\/\/uses0-my.sharepoint.com\/:b:\/g\/personal\/igualdadweb_us_es\/IQAc81Rje9VcS7N9wK-oEi-CAc633AVi8yhCkKysqB3iJ_Q?e=pv6yRH\" target=\"_blank\" rel=\"noopener\">Pulsar para ver.<\/a><\/p><\/td>\n<\/tr>\n<tr class=\"row-32\">\n\t<td class=\"column-1\">2022<\/td><td class=\"column-2\">18<\/td><td class=\"column-3\">Posters Gu\u00eda de estilo lenguaje no sexista<\/td><td class=\"column-4\">Infograf\u00eca que contiene una gu\u00eda de estilo sobre el lenguaje inclusivo donde se plantean nociones a tener en cuenta para emplear en las redes sociales al abordar temas de deporte y comunicaci\u00f3n. Los t\u00f3picos que aborda son: caracter\u00edsticas del lenguaje utilizado en la informaci\u00f3n deportiva, uso adecuado de los recursos estil\u00edsticos, tips para un post no sexista y c\u00f3mo mejorar el discuro en las redes sociales.<\/td><td class=\"column-5\"><p><a href=\"https:\/\/uses0-my.sharepoint.com\/:b:\/g\/personal\/igualdadweb_us_es\/IQDkBy5cB0kkTrL-2fjw_FhjAWWndJ-mjGwjStPcSUfIKp0?e=K1ToG1\" target=\"_blank\" rel=\"noopener\">Pulsar para ver.<\/a><\/p><\/td>\n<\/tr>\n<tr class=\"row-33\">\n\t<td class=\"column-1\">2022<\/td><td class=\"column-2\">19<\/td><td class=\"column-3\">Infograf\u00eda del Estudio Discriminaci\u00f3n por raz\u00f3n de g\u00e9nero en el contexto universitario: las percepciones de la comunidad universitaria de las situaciones de desigualdad y las medidas para erradicarlas<\/td><td class=\"column-4\">Infograf\u00eda pertenenciente a la campa\u00f1a de sensibilizaci\u00f3n \u00abDetecta, reacciona y soluciona 2022\u00bb, en donde se exponen algunos de los resultados clave extra\u00eddos de las opiniones de 1000 personas de toda la comunidad universitaria (estudiantes, PDI, PTGAS) que participaron en el cuestionario aplicado dentre del \u00abEstudio discriminaci\u00f3n por raz\u00f3n de g\u00e9nero (DRG) en el contexto universitario: las percepciones de la comunidad universitaria de las situaciones de desigualdad y las medidas para erradicarlas\u00bb. La pieza contiene caracter\u00edsticas de las personas participantes, y sus percepciones ante: la DRG en la US, acciones desarrolladas para la promoci\u00f3n de la igualdad, colectivxs que sufren DRG, tipos de DRG m\u00e1s comunes en la US y consecuencias agravantes de la pandemia en la DRG en la US.<\/td><td class=\"column-5\"><p><a href=\"https:\/\/uses0-my.sharepoint.com\/:i:\/g\/personal\/igualdadweb_us_es\/IQC-8la21vCbS60yssv1eXkmAa5ZVxGZYkWdp21hd7qVX0I?e=cjKrZz\" target=\"_blank\" rel=\"noopener\">Pulsar para ver.<\/a><\/p><\/td>\n<\/tr>\n<tr class=\"row-34\">\n\t<td class=\"column-1\">2022<\/td><td class=\"column-2\">26<\/td><td class=\"column-3\">Libro Referentes femeninos de la creatividad publicitaria en Espa\u00f1a<\/td><td class=\"column-4\">Informe breve de car\u00e1cter expositivo que presenta a 9 mujeres creativas y exitosas que han llegado a los puestos m\u00e1s altos de la profesi\u00f3n publicitaria, dedic\u00e1ndoles 1 p\u00e1gina a cada una con: una peque\u00f1a biograf\u00eda, sus reconocimientos, premios y cuentas m\u00e1s importantes. Tiene la intenci\u00f3n de reconocer y visibilizar sus recorridos y talento para servir de referente e inspiraci\u00f3n a las j\u00f3venes, especialmente a las estudiantes universitarias del Grado de Publicidad y Relaciones P\u00fablicas.<\/td><td class=\"column-5\"><p><a href=\"https:\/\/idus.us.es\/items\/8d2b495c-7676-40d9-8288-16b46612c78a\" target=\"_blank\" rel=\"noopener\">Pulsar para ver.<\/a><\/p><\/td>\n<\/tr>\n<tr class=\"row-35\">\n\t<td class=\"column-1\">2022<\/td><td class=\"column-2\">35<\/td><td class=\"column-3\">Estudio EmpoderaTIC: Jornadas para <br \/>\nempoderar a las alumnas de Ingenier\u00eda Inform\u00e1tica de la ETSII y para fomentar la sororidad<\/td><td class=\"column-4\">Informe sobre el estudio realizado a las estudiantes de distintos grados y m\u00e1steres en la Escuela T\u00e9cnica Superior de Ingenier\u00eda Inform\u00e1tica (ETSII) de la Universidad de Sevilla (US), dentro del desarrollo de la iniciativa  \u201cEmpoderaTIC: Jornadas para empoderar a las alumnas de Ingenier\u00eda Inform\u00e1tica de la ETSII y para fomentar la sororidad\u201d. El documento se divide en 2 partes, la primera es un \u00aban\u00e1lisis antropol\u00f3gico\u00bb de un cuestionario escrito sobre las palabras empoderamiento, igualdad, sororidad y micromachismo; la segunda es el an\u00e1lsis de un cuestionario online que se respondi\u00f3 de manera presencial, sobre la  opini\u00f3n de las estudiantes de Ingenier\u00eda Inform\u00e1tica en cuestiones relacionadas con el g\u00e9nero y la inform\u00e1tica, acompa\u00f1ado de una escala normalizada de autoestima.<\/td><td class=\"column-5\"><p><a href=\"https:\/\/uses0-my.sharepoint.com\/:b:\/g\/personal\/igualdadweb_us_es\/IQAuBM98bJQ3QLv2f4o1kpreAfpX0Ew10KvgJyS83AvrO3w?e=AtveRO\" target=\"_blank\" rel=\"noopener\">Pulsar para ver.<\/a><\/p><\/td>\n<\/tr>\n<tr class=\"row-36\">\n\t<td class=\"column-1\">2023<\/td><td class=\"column-2\">36<\/td><td class=\"column-3\">Libro Gu\u00eda Quiero ser creativa<\/td><td class=\"column-4\">Informe que presenta los resultados de una investigaci\u00f3n sobre experiencias de las estudiantes de Publicidad y Relaciones P\u00fablicas de la US en los primeros a\u00f1os de acceso a la profesi\u00f3n publicitaria, exponiendo los retos y dificultades que enfrentan las mujeres graduadas de esa carrera para desarrollarse en su campo de la creatividad publicitaria. En total se entrevistaron a 10 mujeres que cumpl\u00edan con las condiciones del estudio.<\/td><td class=\"column-5\"><p><a href=\"https:\/\/uses0-my.sharepoint.com\/:b:\/g\/personal\/igualdadweb_us_es\/IQDPVJZsVnuIS6MVn1LI1JEkAdT_Z-pAfEehWYCYCglEZVE?e=QGrTRN\" target=\"_blank\" rel=\"noopener\">Pulsar para ver.<\/a><\/p><\/td>\n<\/tr>\n<tr class=\"row-37\">\n\t<td class=\"column-1\">2023<\/td><td class=\"column-2\">48<\/td><td class=\"column-3\">Libro [in]VISIBLES, precursoras de la conservaci\u00f3n del patrimonio cultural<\/td><td class=\"column-4\">Cat\u00e1logo de mujeres precursoras del arte y de la conservaci\u00f3n del patrimonio cultural espa\u00f1ol seleccionadas para la Exposici\u00f3n  \u00ab[in]VISIBLES\u00bb 2023 provenientes de \u00e1reas como las bellas artes, etnolog\u00eda, curadoras, cineastas, fot\u00f3grafas, entre otras . Este documento PDF est\u00e1 dirigido a personas interesadas en conocerlas y contar con informaci\u00f3n resumida de sus aportaciones en la cultura  y el patrimonio de  Espa\u00f1a, reflexion\u00e1ndose sobre su dedicaci\u00f3n e imagen como pioneras en sus \u00e1mbitos de trabajo.<\/td><td class=\"column-5\"><p><a href=\"https:\/\/editorial.us.es\/es\/detalle-libro\/720595\/invisibles\" target=\"_blank\" rel=\"noopener\">Pulsar para ver.<\/a><\/p><\/td>\n<\/tr>\n<tr class=\"row-38\">\n\t<td class=\"column-1\">2024<\/td><td class=\"column-2\">16<\/td><td class=\"column-3\">V\u00eddeos Campa\u00f1a sensibilizaci\u00f3n No todo vale: trata como quieras que te traten 2024<\/td><td class=\"column-4\">Serie de v\u00eddeos de sensibilizaci\u00f3n realizados por la comunidad universitaria de la Universidad de Sevilla que representan situaciones reales de acoso y discriminaci\u00f3n en entornos cotidianos. A trav\u00e9s de representaciones de burlas, control de la pareja, ciberacoso y actitudes sexistas, estos v\u00eddeos buscan generar conciencia sobre la importancia del respeto y la igualdad en las interacciones diarias. Cada historia refleja actitudes que pueden pasar desapercibidas, pero que afectan negativamente a aquellos que las sufren, promoviendo la reflexi\u00f3n y el compromiso con un ambiente universitario m\u00e1s seguro e inclusivo.<\/td><td class=\"column-5\"><p><a href=\"https:\/\/www.youtube.com\/playlist?list=PLyF8g_ko8ge050vLqHLaqg4aWHu3x97sd\" target=\"_blank\" rel=\"noopener\">Pulsar para ver.<\/a><\/p><br \/>\n<\/td>\n<\/tr>\n<tr class=\"row-39\">\n\t<td class=\"column-1\">2024<\/td><td class=\"column-2\">17<\/td><td class=\"column-3\">Estudio Uso inclusivo del lenguaje e im\u00e1genes en los trabajos fin de estudios de investigaci\u00f3n<\/td><td class=\"column-4\">Estudio sobre el uso del lenguaje e im\u00e1genes en los Trabajos de Fin de Estudios de Investigaci\u00f3n, destacando su relevancia en la promoci\u00f3n de la igualdad de g\u00e9nero y la representaci\u00f3n diversa en el \u00e1mbito acad\u00e9mico. Este documento PDF est\u00e1 dirigido a quienes buscar aplicar una comunicaci\u00f3n m\u00e1s equitativa en sus trabajos, proporcionando estrategias y normativas clave para evitar estereotipos y fomentar una representaci\u00f3n justa e inclusiva en la educaci\u00f3n superior.<\/td><td class=\"column-5\"><p><a href=\"https:\/\/uses0-my.sharepoint.com\/:b:\/g\/personal\/igualdadweb_us_es\/IQCSIT7XtmilQY7F0bPlspsNARmTdplVVphpmJinelUhcVM?e=R8uaXi\" target=\"_blank\" rel=\"noopener\">Pulsar para ver.<\/a><\/p><br \/>\n<\/td>\n<\/tr>\n<tr class=\"row-40\">\n\t<td class=\"column-1\">2024<\/td><td class=\"column-2\">48<\/td><td class=\"column-3\">Estudio sobre las dificultades para el liderazgo femenino en las profesiones STEM<\/td><td class=\"column-4\">Estudio sobre las dificultades para el liderazgo femenino en las profesiones STEM, basado en escuestas a estudiantes y profesionales del sector industrial. Se analizan barreras que enfrentan las mujeres en su camino hacia puestos directivos, incluyendo sesgos de g\u00e9nero, inequidades estructurales y falta de modelos a seguir. Este documento PDF se encuentra dirigido a aquellas personas que buscan comprender los desaf\u00edos enn la equidad de g\u00e9nero en STEM y propone estrategias para fomentar la inclysi\u00f3n y el liderazgo femenino en estas \u00e1reas.<\/td><td class=\"column-5\"><p><a href=\"https:\/\/uses0-my.sharepoint.com\/:b:\/g\/personal\/igualdadweb_us_es\/IQAxqtj-KjZKQrW-zDuZjT7lASjcRuuxrEodHHLAORjv9Mw?e=RWi8Pt\" target=\"_blank\" rel=\"noopener\">Pulsar para ver.<\/a><\/p><\/td>\n<\/tr>\n<tr class=\"row-41\">\n\t<td class=\"column-1\">2024<\/td><td class=\"column-2\">51<\/td><td class=\"column-3\">Estudio Igualdad, feminismo y violencia de g\u00e9nero: dando voz a la opini\u00f3n del alumnado de la US<\/td><td class=\"column-4\">Estudio sobre la igualdad, el feminismo y la violencia de g\u00e9nero, centrado en la percepci\u00f3n del alumnado de la Universidad de Sevilla. A trav\u00e9s de encuestas y grupos de discusi\u00f3n, se anliza el conocimiento, las actitudes y las creencias de los j\u00f3venes sobre la violencia de g\u00e9nero, as\u00ed como su percepci\u00f3n sobre las medidas implementadas en la universidad para combatirla. Este documento PDF est\u00e1 dirigido a aquellos que buscan comprender c\u00f3mo se interiorizan estos conceptos en la comunidad universitaria y qu\u00e9 estrategias pueden aplicarse para fomentar la sensibilizaci\u00f3n y la igualdad de g\u00e9nero.<\/td><td class=\"column-5\"><p><a href=\"https:\/\/uses0-my.sharepoint.com\/:b:\/g\/personal\/igualdadweb_us_es\/IQDXtGEbwXlvT6zAVKFDXaLnARg5kfU3KUmHHFD5857WeRo?e=j3i5ug\" target=\"_blank\" rel=\"noopener\">Pulsar para ver.<\/a><\/p><\/td>\n<\/tr>\n<tr class=\"row-42\">\n\t<td class=\"column-1\">2024<\/td><td class=\"column-2\">59<\/td><td class=\"column-3\">Libro Gu\u00eda para la atenci\u00f3n a mujeres y ni\u00f1as en la docencia del Grado en Ciencias de la Actividad F\u00edsica y del Deporte<\/td><td class=\"column-4\">Gu\u00eda para la atenci\u00f3n a mujeres y ni\u00f1as en el Grado de Ciencias de la Actividad F\u00edsica y del Deporte, elaborada por el Grupo de Investigaci\u00f3n FEMINAE de la Universidad de Sevilla. Este documento PDF proporciona herramientas para la formaci\u00f3n del profesorado, promoviendo la incorporaci\u00f3n de la perspectiva de g\u00e9nero. Se abirdan estrategias para eliminar sesgos de g\u00e9nero en los planes de estudio, mejorar la representaci\u00f3n de las mujeres en los materiales docentes, fomentar la igualdad en la ense\u00f1anza y evaluar el impacto de la discriminaci\u00f3n en el \u00e1mbito deportivo. Esta gu\u00eda busca generar cambios en la docencia para alcanzar la igualdad en el acceso y desarrollo profesional de mujeres y ni\u00f1as en el deporte.<\/td><td class=\"column-5\"><p><a href=\"https:\/\/idus.us.es\/items\/02407da5-b81a-431c-8353-78cd6d96dc06\" target=\"_blank\" rel=\"noopener\">Pulsar para ver.<\/a><\/p><\/td>\n<\/tr>\n<tr class=\"row-43\">\n\t<td class=\"column-1\">2024<\/td><td class=\"column-2\">4-S<\/td><td class=\"column-3\">V\u00eddeo la Violencia Machista no tiene rostro<\/td><td class=\"column-4\">Este v\u00eddeo fue utilizado en el Seminario Consecuencias de las violencias machistas impartido en 2026 por la Asociaci\u00f3n P\u00e1ginas Violeta. <\/td><td class=\"column-5\"><p><a href=\"https:\/\/youtu.be\/apZUg_7QNeM?si=d34H1fAlZbpLXcP4\" target=\"_blank\" rel=\"noopener\">Pulsar para ver.<\/a><\/p><\/td>\n<\/tr>\n<tr class=\"row-44\">\n\t<td class=\"column-1\">2024<\/td><td class=\"column-2\">6-S<\/td><td class=\"column-3\">Gu\u00eda de Buenas Pr\u00e1cticas para la comunicaci\u00f3n en Redes Sociales<\/td><td class=\"column-4\">Gu\u00eda para fomentar fomentar el uso responsable y seguro de las redes sociales dentro de las instituciones de educaci\u00f3n superior, garantizando un espacio digital donde la igualdad de g\u00e9nero, el respeto a la diversidad y la erradicaci\u00f3n de cualquier forma de prejuicio sean principios fundamentales.<\/td><td class=\"column-5\"><p><a href=\"https:\/\/uses0-my.sharepoint.com\/:b:\/g\/personal\/igualdadweb_us_es\/IQD-REcwWkCMQoVJWY-M8BJRAUMDXDxz0pvt2cGXLttl5dg?e=2AuCeZ\" target=\"_blank\" rel=\"noopener\">Pulsar para ver.<\/a><\/p><\/td>\n<\/tr>\n<tr class=\"row-45\">\n\t<td class=\"column-1\">2025<\/td><td class=\"column-2\">5<\/td><td class=\"column-3\">Libro Informe y decalogos el Estr\u00e9s academico en clave de genero<\/td><td class=\"column-4\">El objetivo es sensibilizar a la comunidad universitaria sobre el estr\u00e9s acad\u00e9mico y la existencia de diferencias de g\u00e9nero, as\u00ed como contribuir a una mejor comprensi\u00f3n de c\u00f3mo afecta el estr\u00e9s acad\u00e9mico a la salud y del papel de las estrategias de afrontamiento empleadas. Tambi\u00e9n se tiene un<br \/>\ndec\u00e1logo de recomendaciones para estudiantes y otro para profesorado.<\/td><td class=\"column-5\"><p><a href=\"https:\/\/uses0-my.sharepoint.com\/:b:\/g\/personal\/igualdadweb_us_es\/IQBygh-la5cDSLjeDxJPtktGASP_EbqSPwf8VA9_FvUq4Pw?e=Kotg8V\" target=\"_blank\" rel=\"noopener\">Pulsar para ver el informe<\/a><\/p><br \/>\n<br \/>\n<p><a href=\"https:\/\/uses0-my.sharepoint.com\/:b:\/g\/personal\/igualdadweb_us_es\/IQAHMvUXxCBKSYzIkkvgKeE2ARBeXaXkkzEqKbbBpuMJBw8?e=ryIuSa\" target=\"_blank\" rel=\"noopener\">Pulsar para ver el dec\u00e1logo de recomendaciones para profesorado<\/a><\/p><br \/>\n<br \/>\n<p><a href=\"https:\/\/uses0-my.sharepoint.com\/:b:\/g\/personal\/igualdadweb_us_es\/IQBP28ZQbKAqR4A5WxKIqVq5AeCEJzwmMjpw5GECW5jVQrA?e=mVqBYg\" target=\"_blank\" rel=\"noopener\">Pulsar para ver el dec\u00e1logo de recomendaciones para estudiantes<\/a><\/p><br \/>\n<\/td>\n<\/tr>\n<tr class=\"row-46\">\n\t<td class=\"column-1\">2025<\/td><td class=\"column-2\">9<\/td><td class=\"column-3\">V\u00eddeos Campa\u00f1a sensibilizaci\u00f3n No todo vale: trata como quieras que te traten 2024<\/td><td class=\"column-4\">Serie de nuevos v\u00eddeos de sensibilizaci\u00f3n realizados por la comunidad universitaria de la Universidad de Sevilla que representan situaciones reales de acoso y discriminaci\u00f3n en entornos cotidianos. A trav\u00e9s de representaciones de burlas, control de la pareja, ciberacoso y actitudes sexistas, estos v\u00eddeos buscan generar conciencia sobre la importancia del respeto y la igualdad en las interacciones diarias. Cada historia refleja actitudes que pueden pasar desapercibidas, pero que afectan negativamente a aquellos que las sufren, promoviendo la reflexi\u00f3n y el compromiso con un ambiente universitario m\u00e1s seguro e inclusivo.<\/td><td class=\"column-5\"><p><a href=\"https:\/\/www.youtube.com\/playlist?list=PLyF8g_ko8ge2ySbzus7PvwM4ykcZsRW13\" target=\"_blank\" rel=\"noopener\">Pulsar para ver.<\/a><\/p><\/td>\n<\/tr>\n<tr class=\"row-47\">\n\t<td class=\"column-1\">2025<\/td><td class=\"column-2\">27<\/td><td class=\"column-3\">Estudio y chatboot IgualAD sobre publicidad e igualdad<\/td><td class=\"column-4\">Este estudio aborda el an\u00e1lisis de la integraci\u00f3n de la perspectiva de g\u00e9nero como competencia transversal en la formaci\u00f3n universitaria en comunicaci\u00f3n en el Grado en Publicidad y Relaciones P\u00fablicas de la Universidad de Sevilla. La necesidad de poner el foco en esta titulaci\u00f3n surge ante la persistencia de desigualdades estructurales en el \u00e1mbito publicitario y la constataci\u00f3n de una brecha entre la formaci\u00f3n acad\u00e9mica y las demandas profesionales en materia de igualdad y comunicaci\u00f3n inclusiva.<\/td><td class=\"column-5\"><p><a href=\"https:\/\/uses0-my.sharepoint.com\/:b:\/g\/personal\/igualdadweb_us_es\/IQDmuTYnENSZR4fN7XXI_J_-AZPRB5Ws7cLVdXfhug7KZOQ?e=eK4jS4\" target=\"_blank\" rel=\"noopener\">Pulsar para ver.<\/a><\/p><\/td>\n<\/tr>\n<tr class=\"row-48\">\n\t<td class=\"column-1\">2025<\/td><td class=\"column-2\">37<\/td><td class=\"column-3\">Estudio Construyendo una Universidad m\u00e1s Inclusiva para Mujeres Migrantes<\/td><td class=\"column-4\">El estudio contribuye a visibilizar las desigualdades que afectan a las mujeres migrantes en el entorno universitario, a generar espacios de reflexi\u00f3n colectiva y a fortalecer el compromiso institucional con la igualdad de g\u00e9nero y la diversidad cultural desde un enfoque feminista, interseccional y decolonial.<\/td><td class=\"column-5\"><p><a href=\"https:\/\/uses0-my.sharepoint.com\/:b:\/g\/personal\/igualdadweb_us_es\/IQAjWVLkVI5SR77Qt0T4O47OASCpqKc4MB0G3yF5jll3wKE?e=FWw91a\" target=\"_blank\" rel=\"noopener\">Pulsar para ver.<\/a><\/p><\/td>\n<\/tr>\n<\/tbody>\n<\/table>\n<span id=\"tablepress-1-description\" class=\"tablepress-table-description tablepress-table-description-id-1\">Repositorio de las Iniciativas de Igualdad de la US desde 2014 a 2025<\/span>\n<!-- #tablepress-1 from cache -->","protected":false},"excerpt":{"rendered":"<p>Actualizado hasta 2025<\/p>\n","protected":false},"author":1,"featured_media":9100,"parent":1024,"menu_order":0,"comment_status":"closed","ping_status":"closed","template":"","meta":{"footnotes":""},"class_list":["post-9073","page","type-page","status-publish","has-post-thumbnail","hentry"],"_links":{"self":[{"href":"https:\/\/igualdad.us.es\/wpblog\/wp-json\/wp\/v2\/pages\/9073","targetHints":{"allow":["GET"]}}],"collection":[{"href":"https:\/\/igualdad.us.es\/wpblog\/wp-json\/wp\/v2\/pages"}],"about":[{"href":"https:\/\/igualdad.us.es\/wpblog\/wp-json\/wp\/v2\/types\/page"}],"author":[{"embeddable":true,"href":"https:\/\/igualdad.us.es\/wpblog\/wp-json\/wp\/v2\/users\/1"}],"replies":[{"embeddable":true,"href":"https:\/\/igualdad.us.es\/wpblog\/wp-json\/wp\/v2\/comments?post=9073"}],"version-history":[{"count":7,"href":"https:\/\/igualdad.us.es\/wpblog\/wp-json\/wp\/v2\/pages\/9073\/revisions"}],"predecessor-version":[{"id":9097,"href":"https:\/\/igualdad.us.es\/wpblog\/wp-json\/wp\/v2\/pages\/9073\/revisions\/9097"}],"up":[{"embeddable":true,"href":"https:\/\/igualdad.us.es\/wpblog\/wp-json\/wp\/v2\/pages\/1024"}],"wp:featuredmedia":[{"embeddable":true,"href":"https:\/\/igualdad.us.es\/wpblog\/wp-json\/wp\/v2\/media\/9100"}],"wp:attachment":[{"href":"https:\/\/igualdad.us.es\/wpblog\/wp-json\/wp\/v2\/media?parent=9073"}],"curies":[{"name":"wp","href":"https:\/\/api.w.org\/{rel}","templated":true}]}}