{"id":8881,"date":"2025-10-28T12:07:08","date_gmt":"2025-10-28T11:07:08","guid":{"rendered":"https:\/\/igualdad.us.es\/wpblog\/?page_id=8881"},"modified":"2025-10-28T12:07:08","modified_gmt":"2025-10-28T11:07:08","slug":"sala-lactancia","status":"publish","type":"page","link":"https:\/\/igualdad.us.es\/wpblog\/recursos\/sala-lactancia\/","title":{"rendered":"Sala de lactancia"},"content":{"rendered":"<h5><strong><span style=\"color: #993366;\">Sala 1. Campus de la Salud, en la\u00a0Facultad de Enfermer\u00eda, Fisioterapia y Podolog\u00eda<\/span> <\/strong><\/h5>\n<p style=\"padding-left: 40px;\">La primera sala de lactancia de la US est\u00e1 ubicada en el Campus de la Salud, en la\u00a0Facultad de Enfermer\u00eda, Fisioterapia y Podolog\u00eda, un centro que est\u00e1 ubicado junto a unas de las guarder\u00edas que la US tiene para favorecer la conciliaci\u00f3n de la vida familiar y laboral de los miembros de la comunidad universitaria.<br \/>\nEsta sala de lactancia es el resultado de un\u00a0estudio\u00a0que se present\u00f3 en la convocatoria de ayudas en materia de igualdad en 2016, liderado por la profesora\u00a0F\u00e1tima Le\u00f3n.\u00a0El objetivo del estudio era determinar las\u00a0causas del abandono de la lactancia materna.\u00a0 En \u00e9l participaron 197 mujeres de la US que en los \u00faltimos diez a\u00f1os hab\u00edan sido madres. Los resultados pusieron de manifiesto que no disponer de un espacio \u00f3ptimo donde extraer y conservar la leche era una de las causas del abandono de la lactancia materna.<\/p>\n<h5><span style=\"color: #993366;\"><strong>Sala 2. Campus de Reina Mercedes, en el CRAI Antonio Ulloa<\/strong><\/span><\/h5>\n<p style=\"padding-left: 40px;\">La segunda sala de lactancia de la US est\u00e1 ubicada en el campus de Reina Mercedes, en el CRAI Antonio Ulloa. Esta sala es un \u00e1rea confortable, higi\u00e9nica y accesible para todas las mujeres de la comunidad universitaria en periodo de lactancia que amamanten o extraigan y conserven su leche durante la jornada laboral. Todo ello con el objetivo de dar continuidad a la lactancia materna.<\/p>\n<p style=\"padding-left: 40px;\">Est\u00e1 localizada en la<strong>\u00a04\u00aa planta<\/strong>, junto a la Sala Observatorio.<\/p>\n<p style=\"padding-left: 40px;\">La sala cuenta con un\u00a0sill\u00f3n, una mesa y material de higiene. Se ofrece, adem\u00e1s, un aseo\u00a0de uso interno.<\/p>\n<p style=\"padding-left: 40px;\"><strong>+ Informaci\u00f3n, normativa de uso y reservas<\/strong> en <a href=\"https:\/\/bib.us.es\/ulloa\/reserva-sala-de-lactancia\">https:\/\/bib.us.es\/ulloa\/reserva-sala-de-lactancia<\/a><\/p>\n","protected":false},"excerpt":{"rendered":"<p>Sala 1. Campus de la Salud, en la\u00a0Facultad de Enfermer\u00eda, Fisioterapia y Podolog\u00eda La primera sala de lactancia de la US est\u00e1 ubicada en el Campus de la Salud, en la\u00a0Facultad de Enfermer\u00eda, Fisioterapia y Podolog\u00eda, un centro que est\u00e1 ubicado junto a unas de las guarder\u00edas que la US tiene para favorecer la conciliaci\u00f3n&hellip;<\/p>\n","protected":false},"author":1,"featured_media":0,"parent":1024,"menu_order":5,"comment_status":"closed","ping_status":"closed","template":"","meta":{"footnotes":""},"class_list":["post-8881","page","type-page","status-publish","hentry"],"_links":{"self":[{"href":"https:\/\/igualdad.us.es\/wpblog\/wp-json\/wp\/v2\/pages\/8881","targetHints":{"allow":["GET"]}}],"collection":[{"href":"https:\/\/igualdad.us.es\/wpblog\/wp-json\/wp\/v2\/pages"}],"about":[{"href":"https:\/\/igualdad.us.es\/wpblog\/wp-json\/wp\/v2\/types\/page"}],"author":[{"embeddable":true,"href":"https:\/\/igualdad.us.es\/wpblog\/wp-json\/wp\/v2\/users\/1"}],"replies":[{"embeddable":true,"href":"https:\/\/igualdad.us.es\/wpblog\/wp-json\/wp\/v2\/comments?post=8881"}],"version-history":[{"count":2,"href":"https:\/\/igualdad.us.es\/wpblog\/wp-json\/wp\/v2\/pages\/8881\/revisions"}],"predecessor-version":[{"id":8883,"href":"https:\/\/igualdad.us.es\/wpblog\/wp-json\/wp\/v2\/pages\/8881\/revisions\/8883"}],"up":[{"embeddable":true,"href":"https:\/\/igualdad.us.es\/wpblog\/wp-json\/wp\/v2\/pages\/1024"}],"wp:attachment":[{"href":"https:\/\/igualdad.us.es\/wpblog\/wp-json\/wp\/v2\/media?parent=8881"}],"curies":[{"name":"wp","href":"https:\/\/api.w.org\/{rel}","templated":true}]}}