{"id":8657,"date":"2025-07-09T10:58:37","date_gmt":"2025-07-09T09:58:37","guid":{"rendered":"https:\/\/igualdad.us.es\/wpblog\/?page_id=8657"},"modified":"2025-11-21T13:15:35","modified_gmt":"2025-11-21T12:15:35","slug":"seleccionadas-2025","status":"publish","type":"page","link":"https:\/\/igualdad.us.es\/wpblog\/actuaciones\/convocatorias-inicitivas-igualdad\/seleccionadas-2025\/","title":{"rendered":"Seleccionadas 2025"},"content":{"rendered":"<p><span style=\"color: #993366;\"><strong>PUBLICIDAD DE LAS INICIATIVAS <span style=\"color: #993366;\">SELECCIONADAS<\/span> EN LA <span style=\"color: #993366;\">CONVOCATORIA<\/span> 2025<\/strong><\/span><\/p>\n<p><span style=\"color: #993366;\">(Aqu\u00ed ir\u00e1n aparecido las iniciativas seleccionadas para su inscripci\u00f3n o visualizaci\u00f3n o a medida que se vallan ejecutando)<\/span><\/p>\n<p><strong><span style=\"color: #993366;\">\u232a II Campa\u00f1a sensibilizaci\u00f3n No todo vale: trata como quieras que te traten<br \/>\n<\/span><\/strong>(Ref. Iniciativa.2025-19)<\/p>\n<p style=\"padding-left: 40px;\">El pr\u00f3ximo\u00a0<strong>martes 25 de noviembre<\/strong> de 11.00 a 11.30 h, enmarcado dentro del <strong>D\u00eda Internacional de la Eliminaci\u00f3n de la Violencia contra la Mujer<\/strong>, en las gradas del patio de la Facultad de Ciencias de la Educaci\u00f3n, tendr\u00e1 lugar la inauguraci\u00f3n de la <strong>II Campa\u00f1a de sensibilizaci\u00f3n No Todo Vale. Trata como Quieras que te Traten<\/strong>.<\/p>\n<p style=\"padding-left: 40px;\">Esta campa\u00f1a se desarrolla en el marco de las iniciativas en materia de igualdad de g\u00e9nero de la Universidad de Sevilla, con el objeto de sensibilizar al estudiantado de la Facultad sobre determinadas conductas y actitudes discriminatorias y sexistas.<\/p>\n<p style=\"padding-left: 40px;\">Se han desarrollado cinco nuevas p\u00edldoras, que se suman a las cinco iniciales que se desarrollaron en la edici\u00f3n anterior y cada una de ellas se contextualiza en situaciones y momentos de la vida diaria que viven los y las estudiantes en la universidad. Concretamente, a trav\u00e9s de estas p\u00edldoras audiovisuales se pretende sensibilizar sobre determinados comportamientos y comentarios sexistas ante diferentes situaciones:<\/p>\n<ul>\n<li style=\"list-style-type: none;\">\n<ul>\n<li><strong>Situaci\u00f3n 1.<\/strong>\u00a0Comentarios y comportamientos sexistas hacia personas transexuales o con orientaci\u00f3n sexual no heteronormativa.<\/li>\n<li><strong>Situaci\u00f3n 2.<\/strong>\u00a0Comentarios y comportamientos sexistas hacia mujeres que son madres y no cumplen con los roles de g\u00e9nero tradicionales.<\/li>\n<li><strong>Situaci\u00f3n 3.<\/strong>\u00a0Comentarios y actitudes sexistas hacia hombres que eligen profesiones tradicionalmente ejercidas por mujeres.<\/li>\n<li><strong>Situaci\u00f3n 4.<\/strong>\u00a0Prejuicios y actitudes sexistas por parte de hombres que culpabilizan a mujeres y que opinan que por ser mujeres tienen ciertos \u201cprivilegios\u201d.<\/li>\n<li><strong>Situaci\u00f3n 5.<\/strong> Sensibilizar sobre determinados comentarios y actitudes sexistas por el f\u00edsico de las personas en el entorno del deporte.<\/li>\n<\/ul>\n<\/li>\n<\/ul>\n<p style=\"padding-left: 40px;\">Las v\u00eddeos est\u00e1n disponibles en el <a href=\"https:\/\/www.youtube.com\/playlist?list=PLyF8g_ko8ge2ySbzus7PvwM4ykcZsRW13\" target=\"_blank\" rel=\"noopener\"><em>canal de YouTube<\/em>\u00a0 de la Facultad de Ciencias de la Educaci\u00f3n de la Universidad de Sevilla<\/a>.<\/p>\n<p style=\"padding-left: 40px;\"><strong>Organiza:<\/strong> Decanato de la Facultad de Ciencias de la Educaci\u00f3n de la US<br \/>\n<strong>Colabora:<\/strong> Unidad para la Igualdad de la US.<\/p>\n<p><a href=\"https:\/\/igualdad.us.es\/wpblog\/wp-content\/uploads\/2025\/11\/Ayuda-2025.9_Publi-invitacion.png\" target=\"_blank\" rel=\"noopener\"><img loading=\"lazy\" decoding=\"async\" class=\"aligncenter wp-image-8969 size-medium\" src=\"https:\/\/igualdad.us.es\/wpblog\/wp-content\/uploads\/2025\/11\/Ayuda-2025.9_Publi-invitacion-300x213.png\" alt=\"\" width=\"300\" height=\"213\" srcset=\"https:\/\/igualdad.us.es\/wpblog\/wp-content\/uploads\/2025\/11\/Ayuda-2025.9_Publi-invitacion-300x213.png 300w, https:\/\/igualdad.us.es\/wpblog\/wp-content\/uploads\/2025\/11\/Ayuda-2025.9_Publi-invitacion-1024x726.png 1024w, https:\/\/igualdad.us.es\/wpblog\/wp-content\/uploads\/2025\/11\/Ayuda-2025.9_Publi-invitacion-768x545.png 768w, https:\/\/igualdad.us.es\/wpblog\/wp-content\/uploads\/2025\/11\/Ayuda-2025.9_Publi-invitacion-1536x1090.png 1536w, https:\/\/igualdad.us.es\/wpblog\/wp-content\/uploads\/2025\/11\/Ayuda-2025.9_Publi-invitacion-340x240.png 340w, https:\/\/igualdad.us.es\/wpblog\/wp-content\/uploads\/2025\/11\/Ayuda-2025.9_Publi-invitacion.png 1748w\" sizes=\"auto, (max-width: 300px) 100vw, 300px\" \/><\/a><\/p>\n<p><strong><span style=\"color: #993366;\">\u232a Exposici\u00f3n Mujeres matem\u00e1ticas de ayer y de hoy<br \/>\n<\/span><\/strong>(Ref. Iniciativa.2025-7)<\/p>\n<p style=\"padding-left: 40px;\">Exposici\u00f3n con una selecci\u00f3n de 27 poster de mujeres matem\u00e1ticas de ayer y de hoy, haciendo especial hincapi\u00e9 en aquellas que est\u00e1n en activo y, muy en especial, de la Universidad de Sevilla.<\/p>\n<p style=\"padding-left: 40px;\">Estos p\u00f3steres est\u00e1n expuestos en la Facultad de Matem\u00e1ticas de la US a partir del 14 de noviembre y en la web<a href=\"https:\/\/matematicas.us.es\/node\/1318\"> https:\/\/matematicas.us.es\/node\/1318<\/a><\/p>\n<p style=\"padding-left: 40px;\">Junto a la exposici\u00f3n est\u00e1 a disposici\u00f3n un juego de matemagia, con los dibujos de las 27 mujeres en formato cartulina A4.<\/p>\n<p style=\"padding-left: 40px;\"><strong>Organiza:<\/strong> Decanato de la Facultad de Matem\u00e1ticas de la US<br \/>\n<strong>Colabora:<\/strong> Unidad para la Igualdad de la US.<br \/>\n<strong>Realizaci\u00f3n:<\/strong> A partir del 14 de noviembre hasta final de a\u00f1o en la Facultad de Matem\u00e1ticas.<\/p>\n<p><strong><span style=\"color: #993366;\">\u232a Estudio Monitorizaci\u00f3n de la igualdad de g\u00e9nero en el Grado de Publicidad y Relaciones p\u00fablicas: creaci\u00f3n de un chatbot inteligente sobre publicidad e igualdad<br \/>\n<\/span><\/strong>(Ref. Iniciativa.2025-27)<\/p>\n<blockquote style=\"padding-left: 40px;\">\n<p style=\"padding-left: 40px;\"><strong>Profesoras del Grado en Publicidad y Relaciones P\u00fablicas impulsan <em>IgualAD<\/em>, un chatbot pionero en igualdad y comunicaci\u00f3n publicitaria<\/strong><\/p>\n<\/blockquote>\n<p style=\"padding-left: 40px;\">Profesoras del Grado en Publicidad y Relaciones P\u00fablicas de la Facultad de Comunicaci\u00f3n de la Universidad de Sevilla (US) han presentado IgualdAD, un chatbot educativo e interactivo basado en Inteligencia Artificial. Esta herramienta pionera est\u00e1 especializada en ofrecer informaci\u00f3n, recursos y orientaci\u00f3n sobre igualdad de g\u00e9nero y diversidad en el \u00e1mbito de la comunicaci\u00f3n comercial.<\/p>\n<p style=\"padding-left: 40px;\">El lanzamiento de IgualdAD es el resultado directo del estudio de investigaci\u00f3n titulado: \u00abMonitorizaci\u00f3n de la igualdad de g\u00e9nero en el Grado de Publicidad y Relaciones p\u00fablicas: creaci\u00f3n de un chatbot inteligente sobre publicidad e igualdad\u00bb.<\/p>\n<p style=\"padding-left: 40px;\"><strong>Objetivo, contexto y metodolog\u00eda del estudio<\/strong><\/p>\n<p style=\"padding-left: 40px;\">El proyecto, financiado por la Unidad para la Igualdad de la Universidad de Sevilla, se enmarca en el Eje 4 del III Plan de Igualdad de la Universidad (Docencia, investigaci\u00f3n, transferencia y gesti\u00f3n con perspectiva de g\u00e9nero) y la medida M4.1.08, orientada a monitorizar la implementaci\u00f3n de las competencias relacionadas con el g\u00e9nero y la igualdad.<\/p>\n<p style=\"padding-left: 40px;\">El proyecto parte de la constataci\u00f3n de desigualdades estructurales en el sector, tanto en la representaci\u00f3n femenina como en los departamentos creativos de publicidad. El estudio previo \u201cQuiero ser creativa\u201d (2023) ya hab\u00eda revelado una brecha entre la formaci\u00f3n universitaria y la pr\u00e1ctica profesional en perspectiva de g\u00e9nero, junto con un conocimiento limitado sobre igualdad en comunicaci\u00f3n comercial. La necesidad de enfocarse en esta titulaci\u00f3n surge ante la persistencia de dichas desigualdades y la brecha entre la formaci\u00f3n acad\u00e9mica y las demandas profesionales. Para llevar a cabo la evaluaci\u00f3n, se emple\u00f3 una metodolog\u00eda mixta que combin\u00f3 cuestionarios dirigidos al alumnado y profesorado, junto con un focus group.<\/p>\n<p style=\"padding-left: 40px;\">El proyecto, coordinado por la Dra. Marina Ramos-Serrano (Profesora Titular de la US), fue desarrollado por un equipo integrado por las profesoras de la Universidad de Sevilla: Inmaculada S\u00e1nchez-Labella Mart\u00edn, Noelia Garc\u00eda-Est\u00e9vez, y Elena Bellido-P\u00e9rez. Cont\u00f3, adem\u00e1s, con la colaboraci\u00f3n de Blanca Migu\u00e9lez-Juan (Profesora agregada en la Universidad del Pa\u00eds Vasco &#8211; UPV\/EHU).<\/p>\n<p style=\"padding-left: 40px;\"><strong>Diagn\u00f3stico: Carencias y Avances<\/strong><\/p>\n<p style=\"padding-left: 40px;\">Los resultados del estudio mostraron que ambos colectivos (alumnado y profesorado) presentan necesidades formativas: el profesorado est\u00e1 sensibilizado y comprometido, pero carece de recursos y estrategias para incorporar la perspectiva de g\u00e9nero de forma sistem\u00e1tica. Por su parte, el alumnado posee una alta conciencia te\u00f3rica, pero la formaci\u00f3n institucional no acompa\u00f1a este cambio suficientemente, persistiendo vac\u00edos en aspectos menos visibles como el <em>pink ghetto<\/em> o las resistencias al lenguaje inclusivo. Los resultados permitir\u00e1n identificar avances y l\u00edneas de mejora en el plan de estudios.<\/p>\n<p style=\"padding-left: 40px;\"><em>IgualdAD<\/em> es una <strong>herramienta digital innovadora<\/strong> que act\u00faa como asistente educativo en temas de igualdad, diversidad y comunicaci\u00f3n inclusiva aplicado al \u00e1mbito de la publicidad y las RR.PP. Para ello, ofrece ejemplos, gu\u00edas, pautas, criterios y referencias acad\u00e9micas o institucionales que ayudan a:<\/p>\n<ul>\n<li style=\"list-style-type: none;\">\n<ul>\n<li>Redactar mensajes y crear campa\u00f1as publicitarias y de relaciones p\u00fablicas con enfoque de g\u00e9nero.<\/li>\n<li>Promover el uso de lenguaje inclusivo y respetuoso.<\/li>\n<li>Consultar normativa, estudios y buenas pr\u00e1cticas en comunicaci\u00f3n igualitaria.<\/li>\n<\/ul>\n<\/li>\n<\/ul>\n<p style=\"padding-left: 40px;\">El chatbot est\u00e1 alimentado con <strong>materiales acad\u00e9micos, art\u00edculos especializados y gu\u00edas profesionales e institucionales<\/strong> y est\u00e1 pensado tanto para <strong>docentes y estudiantes<\/strong> como para <strong>profesionales de la comunicaci\u00f3n. <\/strong>Seg\u00fan el equipo investigador, el proyecto es una apuesta por la docencia con perspectiva de g\u00e9nero. \u201c<em>IgualdAD<\/em> no solo responde a una necesidad formativa, sino que constituye una apuesta tecnol\u00f3gica y pedag\u00f3gica para construir una comunicaci\u00f3n m\u00e1s justa, inclusiva y profesional\u201d.<\/p>\n<p style=\"padding-left: 40px;\">La herramienta, que est\u00e1 en su fase de lanzamiento, ya est\u00e1 a disposici\u00f3n tanto del alumnado, el profesorado como de los profesionales del \u00e1mbito de la comunicaci\u00f3n publicitaria.<\/p>\n<p style=\"padding-left: 40px;\"><strong>Descarga el estudio <a href=\"https:\/\/igualdad.us.es\/wpblog\/wp-content\/uploads\/2025\/11\/Ayuda-2025.27_Publi-Estudio-igualdad-genero-GradoPublicidadRRPP_chatbot-IgualAD.pdf\" target=\"_blank\" rel=\"noopener\">aqu\u00ed<\/a> <a href=\"https:\/\/igualdad.us.es\/wpblog\/wp-content\/uploads\/2025\/11\/Ayuda-2025.27_Publi-Estudio-igualdad-genero-GradoPublicidadRRPP_chatbot-IgualAD.pdf\" target=\"_blank\" rel=\"noopener\"><img loading=\"lazy\" decoding=\"async\" class=\"aligncenter wp-image-8911 size-medium\" src=\"https:\/\/igualdad.us.es\/wpblog\/wp-content\/uploads\/2025\/11\/Ayuda-2025.27_Publi-Estudio-caratula-212x300.png\" alt=\"\" width=\"212\" height=\"300\" srcset=\"https:\/\/igualdad.us.es\/wpblog\/wp-content\/uploads\/2025\/11\/Ayuda-2025.27_Publi-Estudio-caratula-212x300.png 212w, https:\/\/igualdad.us.es\/wpblog\/wp-content\/uploads\/2025\/11\/Ayuda-2025.27_Publi-Estudio-caratula.png 642w\" sizes=\"auto, (max-width: 212px) 100vw, 212px\" \/><\/a><\/strong><\/p>\n<p style=\"padding-left: 40px;\"><strong>Enlace al chat IgualdAD:<\/strong> <a href=\"https:\/\/chatgpt.com\/g\/g-68ef8c4ee1fc819190154ae0c28eaf0b-igualdad\" target=\"_blank\" rel=\"noopener\">https:\/\/chatgpt.com\/g\/g-68ef8c4ee1fc819190154ae0c28eaf0b-igualdad<\/a><\/p>\n<p style=\"padding-left: 40px;\"><a href=\"https:\/\/chatgpt.com\/g\/g-68ef8c4ee1fc819190154ae0c28eaf0b-igualdad\" target=\"_blank\" rel=\"noopener\"><img loading=\"lazy\" decoding=\"async\" class=\"aligncenter wp-image-8909 size-medium\" src=\"https:\/\/igualdad.us.es\/wpblog\/wp-content\/uploads\/2025\/11\/Ayuda-2025.27_Publi-captura-chat-300x242.png\" alt=\"\" width=\"300\" height=\"242\" srcset=\"https:\/\/igualdad.us.es\/wpblog\/wp-content\/uploads\/2025\/11\/Ayuda-2025.27_Publi-captura-chat-300x242.png 300w, https:\/\/igualdad.us.es\/wpblog\/wp-content\/uploads\/2025\/11\/Ayuda-2025.27_Publi-captura-chat-768x620.png 768w, https:\/\/igualdad.us.es\/wpblog\/wp-content\/uploads\/2025\/11\/Ayuda-2025.27_Publi-captura-chat.png 969w\" sizes=\"auto, (max-width: 300px) 100vw, 300px\" \/><\/a><\/p>\n<p>&nbsp;<\/p>\n<p><strong><span style=\"color: #993366;\">\u232a Congreso ConCienciades: creando Con-ciencia Filol\u00f3gica a trav\u00e9s de una perspectiva de g\u00e9nero<br \/>\n<\/span><\/strong>(Ref. Iniciativa.2025-39)<\/p>\n<p style=\"padding-left: 40px;\">Este congreso quiere ser un espacio de encuentro y di\u00e1logo intergeneracional e interdisciplinar que busca fomentar la investigaci\u00f3n, la transferencia de conocimiento y la reflexi\u00f3n cr\u00edtica en el \u00e1mbito de la filolog\u00eda, incorporando de manera transversal la perspectiva de g\u00e9nero en la did\u00e1ctica.<br \/>\nEl congreso est\u00e1 abierto a estudiantes de grado, m\u00e1ster y doctorado que podr\u00e1n participar activamente mediante la presentaci\u00f3n de proyectos, ponencias y propuestas de innovaci\u00f3n en torno a la educaci\u00f3n, los estudios cl\u00e1sicos, la ling\u00fc\u00edstica, la literatura y la cultura desde una perspectiva de g\u00e9nero.<\/p>\n<p style=\"padding-left: 40px;\"><strong>Organiza:<\/strong> F\u00e1tima Aguayo Hidalgo, Daniele Cerrato, Leopoldo Dom\u00ednguez Mac\u00edas, Marta Le\u00f3n- Castro G\u00f3mez, Mar\u00eda del Rosario Mart\u00ednez Navarro, Juan Pablo Mora Guti\u00e9rrez, profesorado de la Universidad de Sevilla (US), Grupo de Investigaci\u00f3n Escritoras y Escrituras (Hum 753).<br \/>\n<strong>Colabora:<\/strong> Unidad para la Igualdad de la US.<br \/>\n<strong>Realizaci\u00f3n:<\/strong> Presencial, 12 y 13 de noviembre de 2025, Sala Multiuso (Pabell\u00f3n de Uruguay).<\/p>\n<p style=\"padding-left: 40px;\"><strong>Inscripci\u00f3n: <\/strong>Acceso libre hasta completar aforo previo inscripci\u00f3n <a href=\"https:\/\/forms.cloud.microsoft\/e\/ceYkkiCFa6\" target=\"_blank\" rel=\"noopener\">aqu\u00ed<\/a>.<br \/>\n<strong>+ informaci\u00f3n:<\/strong> En el correo electr\u00f3nico <a href=\"mailto:congresoconcienciades@gmail.com\">congresoconcienciades@gmail.com<\/a><br \/>\n<strong>Publicidad: <\/strong><a href=\"https:\/\/igualdad.us.es\/wpblog\/wp-content\/uploads\/2025\/10\/Ayuda-2025.39_Publi-Cartel.jpg\" target=\"_blank\" rel=\"noopener\">Cartel<\/a><\/p>\n<p><strong><span style=\"color: #993366;\">\u232a Conferencia Visibilidad de la Mujer en profesiones STEM y promoci\u00f3n del desarrollo de habilidades para el liderazgo femenino<br \/>\n<\/span><\/strong>(Ref. Iniciativa.2025-22)<\/p>\n<p style=\"padding-left: 40px;\">La conferencia se centra en el rol que desempe\u00f1a la mujer en las denominadas profesiones STEM, a trav\u00e9s de la experiencia de las distintas ingenieras egresadas de la ETSI que acuden como invitadas y cuya trayectoria profesional se ha desarrollado en diferentes sectores tecnol\u00f3gicos. Las invitadas de esta edici\u00f3n son:<\/p>\n<p style=\"padding-left: 40px;\">\u2022 Laura Velasco. Ingeniera aeron\u00e1utica que actualmente ocupa el puesto de Project Manager en Airbus DS.<br \/>\n\u2022 Paloma Auladell. Graduada en ingenier\u00eda de las tecnolog\u00edas industriales y con M\u00e1ster en organizaci\u00f3n industrial y gesti\u00f3n de empresas. Actualmente ocupa el puesto de Consultora t\u00e9cnica senior en Salesforce.<br \/>\n\u2022 Bel\u00e9n Navarro. Graduada en Organizaci\u00f3n Industrial y Gesti\u00f3n de empresas, y con el M\u00e1ster en organizaci\u00f3n industrial y gesti\u00f3n de empresas. Actualmente ocupa el puesto de coordinadora en Transformaci\u00f3n Digital.<\/p>\n<p style=\"padding-left: 40px;\">Durante la conferencia, las ponentes expondr\u00e1n su trayectoria formativa, su acceso a su puesto actual, las dificultades encontradas en el camino, y sus perspectivas de futuro.<\/p>\n<p style=\"padding-left: 40px;\"><strong>Organiza:<\/strong> Alicia Robles Velasco y Mar\u00eda Rodr\u00edguez Palero, profesoras de la US.<br \/>\n<strong>Financia:<\/strong><span class=\"texto_gris\"> Unidad para la Igualdad de la US<\/span>.<br \/>\n<strong>Realizaci\u00f3n: <\/strong>Presencial, 4 de noviembre de 2025, a las 19.30h, en la Sala Juan Larra\u00f1eta (planta \u00e1tico) de la Escuela T\u00e9cnica Superior de Ingenier\u00eda de la US<strong>.<\/strong><br \/>\n<strong>Inscripci\u00f3n:<\/strong> Acceso libre hasta completar aforo.<br \/>\n<strong>Publicidad: <\/strong><a href=\"https:\/\/igualdad.us.es\/wpblog\/wp-content\/uploads\/2025\/10\/Ayuda-2025.22_Publi-cartel.pdf\" target=\"_blank\" rel=\"noopener\">Cartel<\/a><\/p>\n<p><strong><span style=\"color: #993366;\">\u232a Seminario Formaci\u00f3n sexoafectiva con perspectiva de g\u00e9nero<br \/>\n<\/span><\/strong>(Ref. Iniciativa-Sub.2025-3)<\/p>\n<p style=\"padding-left: 40px;\">El Seminario se fundamenta en los derechos sexuales que garantizan una vida sexual plena, saludable y satisfactoria para todas las personas, dado que promueven la igualdad, la libertad y el respeto mutuo.<\/p>\n<p style=\"padding-left: 40px;\">Todos los contenidos se presentan desde una perspectiva de g\u00e9nero, haciendo hincapi\u00e9 en la importancia de desarrollar un pensamiento cr\u00edtico y el rechazo a la normalizaci\u00f3n de cualquier tipo de violencia<br \/>\nmachista.<\/p>\n<p style=\"padding-left: 40px;\">Se trata de analizar y dar respuesta a la necesidad de una formaci\u00f3n sexual integral dirigida tanto al \u00e1mbito personal como al profesional, abordando la realidad actual de las relaciones sexuales de la juventud y transmitiendo conocimientos que fomenten actitudes positivas, responsables, y que contribuyan a evitar riesgos y relaciones de dominaci\u00f3n.<\/p>\n<p style=\"padding-left: 40px;\">Un concepto clave en el que se incidir\u00e1 especialmente es el consentimiento, que implica reconocer el derecho de cada persona a tomar decisiones sobre su propio cuerpo y su sexualidad sin coacciones, amenazas o manipulaci\u00f3n.<\/p>\n<p style=\"padding-left: 40px;\">En el Seminario se abordar\u00e1 igualmente el incremento de la violencia sexual generada por el consumo masivo y acr\u00edtico de la pornograf\u00eda online y su impacto en las relaciones interpersonales.<\/p>\n<p style=\"padding-left: 40px;\"><strong>Organiza: <\/strong>Asociaci\u00f3n de Mujeres P\u00e1ginas Violeta.<br \/>\n<strong>Colabora:<\/strong><span class=\"texto_gris\"> Unidad para la Igualdad de la US<\/span>.<br \/>\n<strong>Realizaci\u00f3n:\u00a0 <\/strong>Presencial 28, 29 y 30 de octubre de 2025, en el Sal\u00f3n de Actos de la Facultad de Ciencias de la Educaci\u00f3n.<br \/>\n<strong>Inscripci\u00f3n:<\/strong> Gratuita hasta completar aforo, previa inscripci\u00f3n <a href=\"https:\/\/forms.gle\/vTCrUN2QbY8yubSXA\" target=\"_blank\" rel=\"noopener\">aqu\u00ed<\/a><br \/>\n<strong>Publicidad:<\/strong> <a href=\"https:\/\/igualdad.us.es\/wpblog\/wp-content\/uploads\/2025\/10\/Sub-2025.3_Publi-Diptico.pdf\" target=\"_blank\" rel=\"noopener\">D\u00edptico<\/a>\u00a0&#8211;\u00a0<a href=\"https:\/\/igualdad.us.es\/wpblog\/wp-content\/uploads\/2025\/10\/Sub-2025.3_Publi-Cartel.pdf\" target=\"_blank\" rel=\"noopener\">Cartel<\/a><\/p>\n<p style=\"padding-left: 40px;\"><strong>+ Informaci\u00f3n:<\/strong> <a href=\"https:\/\/paginasvioleta.org\" target=\"_blank\" rel=\"noopener\">https:\/\/paginasvioleta.org<\/a> o en <a href=\"mailto:paginas.violeta@gmail.com\" target=\"_blank\" rel=\"noopener\">paginas.violeta@gmail.com<\/a> o en los tel\u00e9fonos 679 295 174 \/ 696 389 131<\/p>\n<p><strong><span style=\"color: #993366;\">\u232a Jornadas Violencias contra las mujeres en salud<br \/>\n<\/span><\/strong>(Ref. Iniciativa-Sub.2025-1)<\/p>\n<div class=\"v1elementToProof\">\n<p style=\"padding-left: 40px;\">Esta iniciativa nace del compromiso con la igualdad de g\u00e9nero en el deporte, especialmente en el f\u00fatbol base. A trav\u00e9s de esta campa\u00f1as de sensibilizaci\u00f3n, se busca erradicar los estereotipos de g\u00e9nero, empoderar a las jugadoras y promover entornos m\u00e1s inclusivos.Se plantea un conjunto de actividades que combinan formaci\u00f3n, visibilidad y participaci\u00f3n comunitaria, enmarcadas en los valores de respeto, equidad y sororidad.<br \/>\nSiendo los objetivos:<\/p>\n<ul>\n<li style=\"list-style-type: none;\">\n<ul>\n<li>Visibilizar el papel de la mujer en el deporte.<\/li>\n<li>Generar conciencia sobre la igualdad y el respeto.<\/li>\n<li>Ofrecer formaci\u00f3n b\u00e1sica sobre salud emocional y deportiva.<\/li>\n<\/ul>\n<\/li>\n<\/ul>\n<\/div>\n<p style=\"padding-left: 40px;\"><strong>Organiza: <\/strong>Asociaci\u00f3n de Madres Futboleras.<br \/>\n<strong>Colabora:<\/strong><span class=\"texto_gris\"> Unidad para la Igualdad de la US<\/span>.<br \/>\n<strong>Realizaci\u00f3n: <\/strong>Presencial 23 de octubre de 2025, en el vel\u00f3dromo de Dos Hermanas.<br \/>\n<strong>Inscripci\u00f3n:<\/strong> Acceso libre y gratuito hasta completar aforo previa inscripci\u00f3n <a href=\"https:\/\/docs.google.com\/forms\/d\/e\/1FAIpQLSc6blZ93ryvzlljp0RBthowEEgr4GfWA4DWnHT45y8YQbtEgA\/viewform\" target=\"_blank\" rel=\"noopener\">aqu\u00ed<\/a><br \/>\n<strong>Publicidad:<\/strong> <a href=\"https:\/\/igualdad.us.es\/wpblog\/wp-content\/uploads\/2025\/10\/Sub-2025.1_Publi-Cartel.pdf\" target=\"_blank\" rel=\"noopener\">Cartel<\/a>\u00a0&#8211; <a href=\"https:\/\/igualdad.us.es\/wpblog\/wp-content\/uploads\/2025\/10\/Sub-2025.1_Publi-programa.pdf\" target=\"_blank\" rel=\"noopener\">Programa<\/a><\/p>\n<p><strong><span style=\"color: #993366;\">\u232a\u00a0Jornadas de co-creaci\u00f3n y transferencia \u201cHacia una universidad feminista y antirracista: co-creando espacios de cuidado, comunidad y equidad\u201d, incluida en la iniciativa Estudio Construyendo una Universidad m\u00e1s Inclusiva para Mujeres Migrantes: Evaluaci\u00f3n de la Equidad de las Pol\u00edticas Universitarias y Co-Creaci\u00f3n de Iniciativas de Mejora<br \/>\n<\/span><\/strong>(Ref. Iniciativa.2025-37)<\/p>\n<p style=\"padding-left: 40px;\">Aunque se han logrado avances en igualdad y en la construcci\u00f3n de espacios diversos, la interseccionalidad contin\u00faa en un segundo plano y muchas medidas permanecen alejadas de las experiencias reales de nuestra comunidad. La universidad no puede ser neutral frente a las desigualdades y violencias: debe ser un espacio activo de transformaci\u00f3n, donde el feminismo, los movimientos antirracistas y las iniciativas por la diversidad se conviertan en motores de cambio.<\/p>\n<p style=\"padding-left: 40px;\">Estas jornadas ser\u00e1n un espacio de di\u00e1logo, reflexi\u00f3n y construcci\u00f3n colectiva sobre equidad, inclusi\u00f3n de g\u00e9nero, antirracismo y diversidad cultural en las universidades.<br \/>\nEl programa incluir\u00e1 ponencias, mesas redondas y din\u00e1micas participativas, con el objetivo de generar propuestas concretas para avanzar hacia una universidad m\u00e1s justa e inclusiva.<\/p>\n<p style=\"padding-left: 40px;\">El evento est\u00e1 abierto a todo el alumnado, PDI, PTGAS y entidades externas interesadas. El aforo est\u00e1 limitado a 50 plazas, por lo que es necesaria inscripci\u00f3n previa.<\/p>\n<p style=\"padding-left: 40px;\"><strong>Organiza: <\/strong>Mar\u00eda Roc\u00edo Garrido Mu\u00f1oz de Arenillas, profesora de la Universidad de Sevilla (US).<br \/>\n<strong>Colabora:<\/strong><span class=\"texto_gris\"> Unidad para la Igualdad de la US<\/span>.<br \/>\n<strong>Realizaci\u00f3n: <\/strong>Presencial, 6 de noviembre de 2025, de 9:00 a 14:30h en el Sal\u00f3n de Actos de la Facultad de Psicolog\u00eda. de la US.<br \/>\n<strong>Inscripci\u00f3n:<\/strong> Gratuita y hasta agotar plazas, previa inscripci\u00f3n <a href=\"https:\/\/forms.office.com\/pages\/responsepage.aspx?id=TmhK77WBHEmpjsezG-bEab0fWZeHp95JidrNnFPh47NUREVERjkyTUVTVjcxRlZSUEZMQlNRQkw2Si4u&amp;origin=QRCode&amp;route=shorturl\" target=\"_blank\" rel=\"noopener\">aqu\u00ed<\/a><br \/>\n<strong>Publicidad:<\/strong> <a href=\"https:\/\/igualdad.us.es\/wpblog\/wp-content\/uploads\/2025\/10\/Ayuda-2025.37_Publi-Cartel.pdf\" target=\"_blank\" rel=\"noopener\">Cartel<\/a> &#8211;\u00a0<a href=\"https:\/\/igualdad.us.es\/wpblog\/wp-content\/uploads\/2025\/10\/Ayuda-2025.37_Publi-Programa.pdf\" target=\"_blank\" rel=\"noopener\">Programa<\/a><\/p>\n<p><strong><span style=\"color: #993366;\">\u232a Seminario Entrelazadas: Mediaci\u00f3n en arquitectura, hospitalidad y nuevas sensibilidades: investigaci\u00f3n, docencia, edici\u00f3n y producci\u00f3n de ciudad<br \/>\n<\/span><\/strong>(Ref. Iniciativa.2025-35)<\/p>\n<div class=\"v1elementToProof\">\n<p style=\"padding-left: 40px;\"><strong>Entrelazadas <\/strong>es un espacio de resonancias donde el emprendimiento arquitect\u00f3nico se piense como pr\u00e1ctica situada de cuidado, sensible a lo que est\u00e1 fuera del umbral de atenci\u00f3n. El seminario se presenta como una edici\u00f3n, como una exposici\u00f3n de otras figuras, actitudes, sensibilidades y argumentos no atendidos, que nos permitan \u2014con sus convocatorias\u2014 entrelazar de forma alternativa lo que permanece preso en la tela de la Red. Dieciocho ponentes compartir\u00e1n su trabajo y experiencia como parte de un ejercicio de narraci\u00f3n compartida donde diversas pr\u00e1cticas de mediaci\u00f3n se conectan para fomentar una sensibilidad arquitect\u00f3nica acogedora y transformadora. Un enunciado de proyectos, una clase, un libro, un documental, un paseo urbano, un pavimento o un jard\u00edn no median de manera aislada y neutra: fabrican mundos posibles, ampl\u00edan la percepci\u00f3n, activan v\u00ednculos, modulan afectos, ensayan po\u00e9ticas. Procesos de mediaci\u00f3n y sus medios de exposici\u00f3n asociados, parciales y minoritarios, que \u00abatan lacitos\u00bb y crean entramados que se comportan globalmente como un archivo de excepciones.<\/p>\n<p style=\"padding-left: 40px;\">En tres sesiones consecutivas se pondr\u00e1n en com\u00fan trabajos y experiencias de mediaci\u00f3n arquitect\u00f3nica que inciden en la \u201cAmpliaci\u00f3n de los cuidados\u201d, la \u201cAmpliaci\u00f3n de las narrativas\u201d, y las problem\u00e1ticas del \u201cLiderazgo femenino\u201d. En la primera sesi\u00f3n la docencia, edici\u00f3n, investigaci\u00f3n y producci\u00f3n de ciudad aparecen como actos de cuidado en s\u00ed mismos: pr\u00e1cticas que generan una sensibilidad atenta a la responsabilidad compartida. En la segunda, nos preguntaremos por c\u00f3mo la investigaci\u00f3n, la edici\u00f3n y la cr\u00edtica producen relatos que m\u00e1s que describir la arquitectura o la ciudad, la hacen aparecer de otro modo, y c\u00f3mo distintas comunidades que configuran imaginarios expandidos de la ciudad que interpelan a la arquitectura. En la tercera nos acercaremos a experiencias que reformulan el liderazgo como una pr\u00e1ctica de co-implicaci\u00f3n capaz de abrir nuevas genealog\u00edas de autoridad, legitimidad y voz en la arquitectura y en los espacios habitados.<\/p>\n<p style=\"padding-left: 40px;\"><strong>Entrelazadas <\/strong>culmina con la proyecci\u00f3n y debate \u201cEllas en la ciudad\u201d de Reyes Gallegos Rodr\u00edguez, un documental que da voz a las mujeres que impulsaron la transformaci\u00f3n de los barrios perif\u00e9ricos, reivindicando su papel en la construcci\u00f3n urbana, uniendo los cuidados y las luchas pol\u00edticas.<\/p>\n<\/div>\n<p style=\"padding-left: 40px;\"><strong>Organiza: <\/strong>Marta Garc\u00eda de Casasola G\u00f3mez, Paula V. \u00c1lvarez y Jos\u00e9 Ram\u00f3n Moreno, profesorado de la Universidad de Sevilla (US).<br \/>\n<strong>Colabora:<\/strong><span class=\"texto_gris\"> Unidad para la Igualdad de la US<\/span>.<br \/>\n<strong>Realizaci\u00f3n: <\/strong>Presencial, 16 y 17 de octubre de 2025, en el Sal\u00f3n de grados + Sal\u00f3n de actos de la ETS de Arquitectura de la US.<br \/>\n<strong>Inscripci\u00f3n: <\/strong>Entrada libre hasta completar aforo<br \/>\n<strong>Publicidad:<\/strong> <a href=\"https:\/\/igualdad.us.es\/wpblog\/wp-content\/uploads\/2025\/09\/Ayuda-2025.35_Publi-Cartel.jpg\" target=\"_blank\" rel=\"noopener\">Cartel<\/a> &#8211; <a href=\"https:\/\/igualdad.us.es\/wpblog\/wp-content\/uploads\/2025\/09\/Ayuda-2025.35_Publi-programa.pdf\" target=\"_blank\" rel=\"noopener\">Programa<\/a><\/p>\n<p><strong><span style=\"color: #993366;\">\u232a VI Seminario de Historia del Trabajo con perspectiva de g\u00e9nero \u00abMujeres, trabajadoras y migrantes. Debates entre el pasado y el presente\u00bb.<br \/>\n<\/span><\/strong>(Ref. Iniciativa.2025-36)<\/p>\n<div class=\"v1elementToProof\" style=\"padding-left: 40px;\">El seminario aborda la historia y el presente de las mujeres y el trabajo, esta vez desde la perspectiva de las trabajadoras migrantes. Como sabemos, las mujeres espa\u00f1olas han emigrado a lo largo de los siglos XIX y XX y hasta hoy, a otros pa\u00edses y tambi\u00e9n dentro de Espa\u00f1a. De igual forma, miles de mujeres procedentes de muy diversos pa\u00edses han llegado a Espa\u00f1a a trabajar y forman parte de nuestra sociedad actual \u00bfcu\u00e1les son sus principales problem\u00e1ticas y reivindicaciones? \u00bfqu\u00e9 retos afrontamos junt@s de cara al futuro?<\/div>\n<div style=\"padding-left: 40px;\"><\/div>\n<div class=\"v1elementToProof\" style=\"padding-left: 40px;\">Entre el 6 y 7 de octubre analizamos estas situaciones en la Facultad de Ciencias del Trabajo de la Universidad de Sevilla.<\/div>\n<p style=\"padding-left: 40px;\"><strong>Organiza: <\/strong>Alicia Gil L\u00e1zaro, Francisco Bernal Garc\u00eda y Marcial S\u00e1nchez Mosquera, profesorado de la Universidad de Sevilla (US).<br \/>\n<strong>Colabora:<\/strong><span class=\"texto_gris\"> Unidad para la Igualdad de la US<\/span>.<br \/>\n<strong>Realizaci\u00f3n: <\/strong>Presencial, 6 y 7 de octubre de 2025, en el Sal\u00f3n de Grados de la Facultad de Ciencias del Trabajo de la US.<br \/>\n<strong>Inscripci\u00f3n:<\/strong> Gratuita y hasta agotar plazas, previa inscripci\u00f3n <a href=\"https:\/\/forms.gle\/G3Sv69k8VN1oVM2JA\" target=\"_blank\" rel=\"noopener\">aqu\u00ed<\/a><br \/>\n<strong>Publicidad:<\/strong> <a href=\"https:\/\/igualdad.us.es\/wpblog\/wp-content\/uploads\/2025\/09\/Ayuda-2025.36_Publi-cartel.pdf\" target=\"_blank\" rel=\"noopener\">Cartel<\/a>&#8211; <a href=\"https:\/\/igualdad.us.es\/wpblog\/wp-content\/uploads\/2025\/09\/Ayuda-2025.36_Publi-programa.pdf\" target=\"_blank\" rel=\"noopener\">Programa<\/a><\/p>\n<p><strong><span style=\"color: #993366;\">\u232a Jornadas Violencias contra las mujeres en salud<br \/>\n<\/span><\/strong>(Ref. Iniciativa-Sub.2025-2)<\/p>\n<div class=\"v1elementToProof\">\n<p style=\"padding-left: 40px;\">La ADSP (Asociaci\u00f3n para la Defensa de la Sanidad P\u00fablica) organiza, en colaboraci\u00f3n con la Unidad para la Igualdad de la US, un ciclo de mesas redondas sobre \u00abviolencias de g\u00e9nero\u00bb y salud. En ellas se propone una reflexi\u00f3n sobre las desigualdades y violencias estructurales que afectan a las mujeres en el sistema sanitario y que podemos ayudar a combatir desde nuestras diferentes posiciones en el trabajo y la sociedad: la violencia psiqui\u00e1trica, la discriminaci\u00f3n LGTBIQ+, la violencia obst\u00e9trica y las desigualdades en la atenci\u00f3n cl\u00ednica.<\/p>\n<p style=\"padding-left: 40px;\">\u00a1Te esperamos para reflexionar juntxs!<\/p>\n<\/div>\n<p style=\"padding-left: 40px;\"><strong>Organiza: <\/strong>Asociaci\u00f3n para la Defensa de la Sanidad P\u00fablica.<br \/>\n<strong>Colabora:<\/strong><span class=\"texto_gris\"> Unidad para la Igualdad de la US<\/span>.<br \/>\n<strong>Realizaci\u00f3n: <\/strong>Presencial 1 y 22 de octubre, 5 y 19 de noviembre de 2025, Sal\u00f3n de Actos de la Facultad de Enfermer\u00eda, Fisioterapia y Podolog\u00eda de la Universidad de Sevilla.<br \/>\n<strong>Inscripci\u00f3n:<\/strong> Acceso libre y gratuito hasta completar aforo<br \/>\n<strong>Publicidad:<\/strong> <a href=\"https:\/\/igualdad.us.es\/wpblog\/wp-content\/uploads\/2025\/09\/Sub-2025.1_Publi-Cartel-programa.jpg\" target=\"_blank\" rel=\"noopener\">Cartel y Programa<\/a><\/p>\n<p><strong><span style=\"color: #993366;\">\u232a\u00a0Seminario Videojuegos en femenino: Una mirada educativa de g\u00e9nero a la representaci\u00f3n femenina en la industria<br \/>\n<\/span><\/strong>(Ref. Iniciativa.2025-1)<\/p>\n<div class=\"v1elementToProof\" style=\"padding-left: 40px;\">En este seminario, se pretende sensibilizar y formar desde una perspectiva te\u00f3rico-pr\u00e1ctica en materia de igualdad de g\u00e9nero. Nuestra iniciativa se dirige especialmente al alumnado de los Grados y M\u00e1steres de la Universidad de Sevilla orientados hacia el \u00e1mbito educativo. La escuela es el principal motor de cambio hacia una sociedad y cultura m\u00e1s justas e igualitarias, pero para ello, necesitamos de profesionales de la educaci\u00f3n con la adecuada preparaci\u00f3n, formaci\u00f3n y compromiso en la lucha feminista. Este seminario anima a reflexionar sobre qu\u00e9 valores de g\u00e9nero se transmiten desde la mayor industria de entretenimiento que tenemos actualmente: los videojuegos. En el seminario se abordan las consecuencias que los patrones sexistas perpetuados a trav\u00e9s del sector de los videojuegos pueden tener en la construcci\u00f3n de las identidades de ni\u00f1os y ni\u00f1as y j\u00f3venes jugadores, y se discuten sugerencias pr\u00e1cticas para para abordar el problema desde la escuela y la industria del videojuego.<\/div>\n<p style=\"padding-left: 40px;\"><strong>Organiza: <\/strong>Virginia Guichot Reina, profesora de la Universidad de Sevilla (US).<br \/>\n<strong>Colabora:<\/strong><span class=\"texto_gris\"> Unidad para la Igualdad de la US<\/span>.<br \/>\n<strong>Realizaci\u00f3n: <\/strong>Presencial, 20 y 27 de octubre de 2025, en la Facultad de Ciencias de la Educaci\u00f3n de la US.<br \/>\n<strong>Inscripci\u00f3n:<\/strong> Gratuita y hasta agotar plazas, previa inscripci\u00f3n <a href=\"https:\/\/forms.gle\/u6cegMBB8zmXurmG7\" target=\"_blank\" rel=\"noopener\">aqu\u00ed<\/a><br \/>\n<strong>+ Informaci\u00f3n: <\/strong><a href=\"mailto:guichot@us.es\">guichot@us.es<\/a><br \/>\n<strong>Publicidad:<\/strong> <a href=\"https:\/\/igualdad.us.es\/wpblog\/wp-content\/uploads\/2025\/09\/Ayuda-2025.1_Publi-cartel.pdf\" target=\"_blank\" rel=\"noopener\">Cartel<\/a> &#8211; <a href=\"https:\/\/igualdad.us.es\/wpblog\/wp-content\/uploads\/2025\/09\/Ayuda-2025.1_Publi-Programa.pdf\" target=\"_blank\" rel=\"noopener\">Programa<\/a><\/p>\n<p><strong><span style=\"color: #993366;\">\u232a Mesa plenaria \u00abEconom\u00edas feministas rurales y agroalimentarias en las periferias del Estado espa\u00f1ol\u00bb en el IX Congreso Econom\u00eda Feminista<br \/>\n<\/span><\/strong>(Ref. Iniciativa.2025-21)<\/p>\n<p style=\"padding-left: 40px;\">En el marco del IX Congreso de Econom\u00eda Feminista, co-organizado por la Universidad Pablo de Olavide y la Universidad de Sevilla, la profesora Soler coordina la <strong>Mesa plenaria \u00abEconom\u00edas feministas rurales y agroalimentarias en las periferias del Estado espa\u00f1ol\u00bb<\/strong>, el 2 de octubre, con la que se pretende dar voz a mujeres que desde el campo y el sector agroalimentario y en distintos territorios est\u00e1n protagonizando alternativas feministas sostenibles.<\/p>\n<p style=\"padding-left: 40px;\">El<strong> objetivo<\/strong> es conocer las reivindicaciones, propuestas y alternativas pr\u00e1cticas que desde los feminismos rurales y agroganaderos se est\u00e1n haciendo para enfrentar la crisis ecosocial global que vivimos. Las mujeres invitadas como ponentes son referentes en materia de propuestas y proyectos agroalimentarios sostenibles en mundo rural con enfoques feministas como Ana Pinto Lepe, activista por los derechos de las trabajadoras del campo y cofundadora del colectivo Jornaleras de Huelva en Lucha, Leticia Toledo Mart\u00edn, agricultora agroecol\u00f3gica en La Huerta La Alegr\u00eda, en Arcos de la Frontera, C\u00e1diz, Isabel Vilalba Seivane, ganadera y secretaria general del Sindicato Labrego Galego (SLG),Gloria Sosa S\u00e1nchez-Cort\u00e9s de CALA (Colectivo Alternativo de Aprendizaje) de Extremadura y Ver\u00f3nica S\u00e1nchez, de la Cooperativa Kikiricoop de Cabranes, Asturias.<\/p>\n<p style=\"padding-left: 40px;\">Los <strong>Congresos de Econom\u00eda Feminista<\/strong> (CEF) son promovidos por la red de Econom\u00eda Feminista de \u00e1mbito estatal desde el a\u00f1o 2005. Son congresos bianuales en los que participan acad\u00e9micas\/os y representantes de entidades, colectivos y organizaciones sociales y feministas tanto nacionales como internacionales. La econom\u00eda feminista siempre ha pretendido no solo ser una corriente de pensamiento econ\u00f3mico, sino un marco transformador. Por eso, los CEF convocan a personas de diferentes \u00e1mbitos: academia, movimiento feminista, feminismos en otros movimientos sociales, entramado socioecon\u00f3mico, tercer sector, sindicatos, entidades de la Econom\u00eda Social y Solidaria, ONGs, o instituciones p\u00fablicas y econ\u00f3micas, entre otras. Asimismo, los CEF se han caracterizado por ser un espacio que acoge diversas formas de creaci\u00f3n e intercambio de conocimiento con una rica diversidad de formatos, combinando el intercambio en paneles de presentaciones, sesiones de p\u00f3ster, talleres y mesas redondas, propuestas art\u00edsticas, as\u00ed como actividades de encuentro del tejido de econom\u00edas feministas.<\/p>\n<p style=\"padding-left: 40px;\"><strong>Organiza mesa plenaria: <\/strong>Marta Soler Montiel, profesora de la Universidad de Sevilla.<br \/>\n<strong>Financia:<\/strong><span class=\"texto_gris\"> Unidad para la Igualdad de la US<\/span>.<br \/>\n<strong>Realizaci\u00f3n: <\/strong>Presencial 2,3 y 4 de octubre de 2025, en el Paraninfo de la Universidad Pablo de Olavide.<\/p>\n<p style=\"padding-left: 40px;\"><strong>+ Informaci\u00f3n: <\/strong><a href=\"https:\/\/congresoeconomiafeminista.org\" target=\"_blank\" rel=\"noopener\">https:\/\/congresoeconomiafeminista.org<\/a><\/p>\n<p style=\"padding-left: 40px;\"><strong>Publicidad: <\/strong><a href=\"https:\/\/igualdad.us.es\/wpblog\/wp-content\/uploads\/2025\/09\/Ayuda-2025.21_Publi-cartel.pdf\" target=\"_blank\" rel=\"noopener\">Cartel<\/a> &#8211; \u00a0<a href=\"https:\/\/igualdad.us.es\/wpblog\/wp-content\/uploads\/2025\/09\/Ayuda-2025.21_Publi-programa.pdf\" target=\"_blank\" rel=\"noopener\">Programa<\/a><\/p>\n<p><strong><span style=\"color: #993366;\">\u232a Taller de Liderazgo Femenino en la Direcci\u00f3n de Empresas<br \/>\n<\/span><\/strong>(Ref. Iniciativa.2025-8)<\/p>\n<p style=\"padding-left: 40px;\">Se trata de un proyecto dise\u00f1ado especialmente para fomentar el liderazgo, la autoconfianza y la competencia en gesti\u00f3n empresarial especialmente entre las mujeres, pero tambi\u00e9n entre los hombres, universitarias de la US. Este taller se plantea como un espacio de aprendizaje integral, en el que se combinan herramientas te\u00f3ricas y pr\u00e1cticas para el desarrollo de habilidades interpersonales y de gesti\u00f3n, fundamentales para la direcci\u00f3n de empresas en un entorno cada vez m\u00e1s competitivo y din\u00e1mico.<\/p>\n<p style=\"padding-left: 40px;\">La propuesta se organiza en varios m\u00f3dulos que combinan teor\u00eda y pr\u00e1ctica. Cada m\u00f3dulo aborda aspectos fundamentales del empoderamiento y la direcci\u00f3n empresarial, permitiendo a las participantes adquirir conocimientos de forma progresiva y aplicarlos en situaciones pr\u00e1cticas.<\/p>\n<p style=\"padding-left: 80px;\"><strong>M\u00f3dulo 1. D\u00eda 6 de octubre de 16:00 a 21:00 (5 horas)<\/strong><\/p>\n<ol>\n<li style=\"list-style-type: none;\">\n<ol>\n<li style=\"list-style-type: none;\">\n<ol>\n<li>Introducci\u00f3n al Liderazgo y Empoderamiento:<\/li>\n<li>Desarrollo de Habilidades Interpersonales:<\/li>\n<\/ol>\n<\/li>\n<\/ol>\n<\/li>\n<\/ol>\n<p style=\"padding-left: 120px;\"><strong><em>Prof. Gabriel Cepeda Carri\u00f3n<\/em><\/strong><\/p>\n<p style=\"padding-left: 80px;\"><strong>Modulo 2. D\u00eda 8 de octubre de 2025 de 16:00 a 21:00 horas<\/strong> <strong>(5 horas)<\/strong><\/p>\n<ol>\n<li style=\"list-style-type: none;\">\n<ol>\n<li style=\"list-style-type: none;\">\n<ol start=\"3\">\n<li>Gesti\u00f3n y Toma de Decisiones:<\/li>\n<li>Creatividad e Innovaci\u00f3n en la Direcci\u00f3n:<\/li>\n<\/ol>\n<\/li>\n<\/ol>\n<\/li>\n<\/ol>\n<p style=\"padding-left: 120px;\"><strong><em>Prof. Gabriel Cepeda Carri\u00f3n.<\/em><\/strong><\/p>\n<p style=\"padding-left: 80px;\"><strong>M\u00f3dulo 3. D\u00eda 9 de octubre de 2025 de 16:00 a 21:00 horas<\/strong> <strong>(5 horas)<\/strong><\/p>\n<ol>\n<li style=\"list-style-type: none;\">\n<ol>\n<li style=\"list-style-type: none;\">\n<ol start=\"5\">\n<li>Planificaci\u00f3n y Estrategia Empresarial:<\/li>\n<li>Construcci\u00f3n de Redes y Mentor\u00eda:<\/li>\n<\/ol>\n<\/li>\n<\/ol>\n<\/li>\n<\/ol>\n<p style=\"padding-left: 80px;\">Empresarias:<\/p>\n<p style=\"padding-left: 120px;\">D\u00f1a. Mar\u00eda Castro. Fabrienvaf Nuca S.L (\u201cEl Milagrito\u201d)<\/p>\n<p style=\"padding-left: 120px;\">D\u00f1a. Silvia Mu\u00f1oz. Nueva Abogac\u00eda<\/p>\n<p style=\"padding-left: 120px;\">D\u00f1a. Marta Navarro. Masakali Pizza<\/p>\n<p style=\"padding-left: 120px;\">D\u00f1a. Estefan\u00eda Rold\u00e1n. Auditora. Socia y Directora T\u00e9cnica de Grupo Fidelis<\/p>\n<p style=\"padding-left: 120px;\">D\u00f1a. \u00c1ngela Vizca\u00edno. Auditora y CEO de Grupo Fidelis<\/p>\n<p style=\"padding-left: 80px;\"><strong>M\u00f3dulo 4. Trabajo aut\u00f3nomo por parte del alumnado<\/strong> para la puesta en pr\u00e1ctica del conocimeinto adquirido y evaluado por el profesorado <strong>(10 horas)<\/strong><\/p>\n<p style=\"padding-left: 40px;\"><strong>Organiza:<\/strong> Carmen Guzm\u00e1n y Teresa Duarte, profesoras de la US.<br \/>\n<strong>Financia:<\/strong><span class=\"texto_gris\"> Unidad para la Igualdad de la US<\/span>.<br \/>\n<strong>Realizaci\u00f3n: <\/strong>Presencial 6, 8 y 9 de octubre de 2025, en la Sala de Juntas de la Facultad de Ciencias Econ\u00f3micas y Empresariales de la US.<\/p>\n<p style=\"padding-left: 40px;\"><strong>Inscripci\u00f3n:<\/strong> Acceso libre hasta completar aforo, previa inscripci\u00f3n en <a href=\"https:\/\/forms.gle\/3zNaeJxdHzMRRHsU7\">https:\/\/forms.gle\/3zNaeJxdHzMRRHsU7<\/a><\/p>\n<p style=\"padding-left: 40px;\"><strong>Publicidad: <\/strong><span style=\"color: #993366;\"><a style=\"color: #993366;\" href=\"https:\/\/igualdad.us.es\/wpblog\/wp-content\/uploads\/2025\/09\/Ayuda-2025.8_Publi-cartel.pdf\" target=\"_blank\" rel=\"noopener\">Cartel y\u00a0Programa<\/a><\/span><\/p>\n<p><strong><span style=\"color: #993366;\">\u232a Seminario El estr\u00e9s acad\u00e9mico en clave de g\u00e9nero<br \/>\n<\/span><\/strong>(Ref. Iniciativa.2025-5)<\/p>\n<p style=\"padding-left: 40px;\">El <strong>objetivo general<\/strong> de esta propuesta es sensibilizar y concienciar a la comunidad universitaria sobre las diferencias de g\u00e9nero en el estr\u00e9s acad\u00e9mico, as\u00ed como compartir herramientas de afrontamiento del estr\u00e9s eficaces, especialmente para las estudiantes. Para ello se llevar\u00e1 a cabo un seminario en el que participar\u00e1n investigadoras expertas en estr\u00e9s acad\u00e9mico, profesorado universitario sensibilizado con el estr\u00e9s de su alumnado y el propio alumnado de la Universidad de Sevilla.<\/p>\n<p style=\"padding-left: 40px;\">Los <strong>objetivos espec\u00edficos<\/strong> son:<\/p>\n<p style=\"padding-left: 40px;\">&#8211; Conocer c\u00f3mo afecta el estr\u00e9s acad\u00e9mico en la salud f\u00edsica y emocional de la juventud y, en concreto, de las chicas universitarias.<br \/>\n&#8211; Describir los posibles factores que explican las diferencias en los niveles de estr\u00e9s de chicas y chicos.<br \/>\n&#8211; Conocer m\u00e1s sobre las estrategias de afrontamiento del estr\u00e9s empleadas y su impacto sobre el bienestar<br \/>\n&#8211; Elaborar recomendaciones tanto para el profesorado como para el alumnado, en concreto para las alumnas de la Universidad de Sevilla.<\/p>\n<p style=\"padding-left: 40px;\"><strong>Organiza:<\/strong> Irene Garc\u00eda Moya y Marta D\u00edez L\u00f3pez, profesoras de la US.<br \/>\n<strong>Financia:<\/strong><span class=\"texto_gris\"> Unidad para la Igualdad de la US<\/span>.<br \/>\n<strong>Realizaci\u00f3n: <\/strong>Presencial, 24 de septiembre de 2025, a las 11h, en el Sal\u00f3n de Actos de la Facultad de Psicolog\u00eda de la US<strong>.<\/strong><\/p>\n<p style=\"padding-left: 40px;\"><strong>Inscripci\u00f3n:<\/strong> Acceso libre hasta completar aforo.<\/p>\n<p style=\"padding-left: 40px;\"><strong>Publicidad: <\/strong><a href=\"https:\/\/igualdad.us.es\/wpblog\/wp-content\/uploads\/2025\/09\/Ayuda-2025.5_Publi-cartel.pdf\" target=\"_blank\" rel=\"noopener\">Cartel<\/a><\/p>\n<p><strong><span style=\"color: #993366;\">\u232a IV Jornada De Mujeres, Arte y \u00c9xito. Caminos, Barreras y la creatividad y motivaci\u00f3n como elementos de rupturad<br \/>\n<\/span><\/strong>(Ref. Iniciativa.2025-10)<\/p>\n<p style=\"padding-left: 40px;\">Planteamos estas IV Jornadas como plataforma para conocer el trabajo desarrollado por tres artistas que operan en sectores creativos diversos, algunos con poca presencia femenina. Articuladas en tres Conferencias, tres Charlas-Taller y una Mesa Redonda, son una oportunidad para sensibilizar a nuestro alumnado y que puedan conocer a trav\u00e9s de sus testimonios cu\u00e1l es la situaci\u00f3n actual de la mujer en dichos contextos creativos. Ofrecen una coyuntura perfecta para que estas artistas transmitan a nuestras alumnas qu\u00e9 estrategias han utilizado ellas para romper con estereotipos predominantes. Crear un contexto de trabajo en el que debatir acerca de las oportunidades que pueden aprovechar nuestras alumnas para iniciar un camino innovador que propicie una presencia igualitaria de mujeres y hombres en los circuitos art\u00edsticos.<\/p>\n<p style=\"padding-left: 40px;\">Tres mujeres con iniciativa y constancia que no se han conformado con aceptar y seguir los recorridos establecidos o convencionales, sino que han buscado sus propias trayectorias divergentes de superaci\u00f3n que les han llevado a destacar y alcanzar una gran proyecci\u00f3n e internacionalizaci\u00f3n de su trabajo creativo.<\/p>\n<p style=\"padding-left: 40px;\">Mujeres que vieron en cada uno de los obst\u00e1culos que se les presentaron un reto para aprender, crecer y fortalecerse en el camino y que con su participaci\u00f3n en estas jornadas quieren legar su experiencia y estrategias para que otras tambi\u00e9n contin\u00faen su andadura.<\/p>\n<p style=\"padding-left: 40px;\"><strong>PROGRAMA COMPLETO<\/strong> <a href=\"https:\/\/igualdad.us.es\/wpblog\/wp-content\/uploads\/2025\/09\/Ayuda-2025.10_Publi-cartel-programa.pdf\" target=\"_blank\" rel=\"noopener\"><span style=\"color: #993366;\">aqu\u00ed<\/span><\/a><strong><br \/>\n<\/strong><\/p>\n<p style=\"padding-left: 40px;\"><strong>Organiza:\u00a0<\/strong>Raquel Barrionuevo-P\u00e9rez, PDI de la Universidad de Sevilla.<br \/>\n<strong>Colabora:<\/strong>\u00a0Unidad para la Igualdad de la US.<br \/>\n<strong>Realizaci\u00f3n: <\/strong>Presencial el 23 y 24 de septiembre de 2025, en la Sala de Juntas de la Facultad de Bellas Artes de Sevilla.<\/p>\n<p style=\"padding-left: 40px;\"><strong>Modalidad Virtual:<\/strong> Microsoft Teams. Se enviar\u00e1 por e-mail el enlace previa inscripci\u00f3n.<br \/>\n<strong>Inscripciones:\u00a0<\/strong>Gratuita hasta el 10\/05\/22 o completar aforo, previa inscripci\u00f3n <a href=\"https:\/\/docs.google.com\/forms\/d\/1zkjGc7bzx5Hc8isk4SlXPUzVbT0UXagBzW8GwgkNerw\/preview\" target=\"_blank\" rel=\"noopener\"><span style=\"color: #993366;\">aqu\u00ed<\/span><\/a><\/p>\n<p style=\"padding-left: 40px;\">Se expedir\u00e1 un certificado de participaci\u00f3n a aquellas personas que hayan asistido a un 80% de las jornadas.<\/p>\n<p style=\"padding-left: 40px;\"><strong>M\u00e1s informaci\u00f3n:<\/strong>\u00a0en el correo electr\u00f3nico <a href=\"mailto:rbarrionuevo@us.es\" target=\"_blank\" rel=\"noopener\">rbarrionuevo@us.es<\/a><\/p>\n<p style=\"padding-left: 40px;\"><strong>Publicidad: <\/strong><span style=\"color: #993366;\"><a style=\"color: #993366;\" href=\"https:\/\/igualdad.us.es\/wpblog\/wp-content\/uploads\/2025\/09\/Ayuda-2025.10_Publi-cartel-programa.pdf\" target=\"_blank\" rel=\"noopener\">Cartel y programa<\/a><\/span><\/p>\n<p><strong><span style=\"color: #993366;\">\u232a I Jornadas y Festival de Videos Educativos en TikTok: Educando en Igualdad<br \/>\n<\/span><\/strong>(Ref. Iniciativa.2025-4)<\/p>\n<p style=\"padding-left: 40px;\">Estas jornadas est\u00e1 centrada en el an\u00e1lisis cr\u00edtico y la creaci\u00f3n de contenidos igualitarios en redes sociales. El evento cuenta con una programaci\u00f3n variada en la que se abordan tem\u00e1ticas de gran actualidad, como la violencia de g\u00e9nero en TikTok, a cargo del equipo de investigaci\u00f3n de la ONGD Mujeres en Zona de Conflicto, o la divulgaci\u00f3n cient\u00edfica y los discursos de odio y mansplaining en redes sociales, de la mano de la divulgadora sevillana \u00c1ngeles Taro.<\/p>\n<p style=\"padding-left: 40px;\">Tambi\u00e9n se imparte formaci\u00f3n sobre c\u00f3mo dise\u00f1ar materiales coeducativos interactivos, digitales y adaptados a los c\u00f3digos comunicativos de las plataformas sociales.<\/p>\n<p style=\"padding-left: 40px;\">Adem\u00e1s, el alumnado interesado puede participar activamente mediante la creaci\u00f3n de v\u00eddeos enmarcados en distintas categor\u00edas vinculadas a la igualdad: visibilizaci\u00f3n de las mujeres, comunicaci\u00f3n en igualdad, fundamentos b\u00e1sicos de coeducaci\u00f3n, materiales coeducativos y pr\u00e1cticas pedag\u00f3gicas igualitarias.<\/p>\n<p style=\"padding-left: 40px;\">La iniciativa nace de la urgente necesidad de trabajar, desde el \u00e1mbito educativo, una mirada cr\u00edtica hacia el uso de las redes sociales, con el objetivo de convertirlas en espacios inclusivos, igualitarios y libres de odio.<\/p>\n<p style=\"padding-left: 40px;\"><strong>Organiza:<\/strong> Mar\u00eda Elena Garc\u00eda Mora, profesora de la US.<br \/>\n<strong>Financia:<\/strong><span class=\"texto_gris\"> Unidad para la Igualdad de la US<\/span>.<br \/>\n<strong>Realizaci\u00f3n: <\/strong>Presencial, 19 de septiembre de 2025, a las 9:30h, en el Sal\u00f3n de Grados de la Facultad de Ciencias de la Educaci\u00f3n de la US<strong>.<\/strong><\/p>\n<p style=\"padding-left: 40px;\"><strong>Inscripci\u00f3n:<\/strong> gratuita hasta completar aforo.<\/p>\n<p style=\"padding-left: 40px;\"><strong>Publicidad: <\/strong><span style=\"color: #993366;\"><a style=\"color: #993366;\" href=\"https:\/\/igualdad.us.es\/wpblog\/wp-content\/uploads\/2025\/09\/Ayuda-2025.4_Publi-cartel.pdf\" target=\"_blank\" rel=\"noopener\">Cartel<\/a><\/span> &#8211; <span style=\"color: #993366;\"><a style=\"color: #993366;\" href=\"https:\/\/igualdad.us.es\/wpblog\/wp-content\/uploads\/2025\/09\/Ayuda-2025.4_Publi-Bases_I-Jornada.pdf\" target=\"_blank\" rel=\"noopener\">Bases para participar<\/a><\/span><\/p>\n<p><strong><span style=\"color: #993366;\">\u232a Jornada La teor\u00eda del framing para una cosmovisi\u00f3n igualitaria: desarrollo lingu\u00efstico y aplicaci\u00f3n a la pr\u00e1ctica period\u00edstica<br \/>\n<\/span><\/strong>(Ref. Iniciativa.2025-30)<\/p>\n<p style=\"padding-left: 40px;\">Estas jornadas tratar\u00e1 sobre\u00a0periodismo, feminismo y framing, reuniendo a\u00a0profesionales destacados\u00a0del periodismo, fact-checkers, as\u00ed como a\u00a0acad\u00e9micos especialistas en framing y en perspectiva feminista.<\/p>\n<p style=\"padding-left: 40px;\"><strong>Organiza:<\/strong> Mar\u00eda Lamuedra Grav\u00e1n, profesora y directora del Grupo de Investigaci\u00f3n en Teor\u00eda y Tecnolog\u00eda de la Comunicaci\u00f3n de la US.<br \/>\n<strong>Financia:<\/strong><span class=\"texto_gris\"> Unidad para la Igualdad de la US<\/span>.<br \/>\n<strong>Realizaci\u00f3n: <\/strong>Presencial, 16 y 17 de septiembre de 2025, en la Sala de Juntas de la Facultad de Comunicaci\u00f3n de la US.<\/p>\n<p style=\"padding-left: 40px;\"><strong>Inscripci\u00f3n:<\/strong> Acceso libre hasta completar aforo previa inscripci\u00f3n <a href=\"https:\/\/forms.gle\/b5weiP7BbrYXzZgr9\" target=\"_blank\" rel=\"noopener\">aqu\u00ed<\/a>.<\/p>\n<p style=\"padding-left: 40px;\"><strong>Publicidad: <\/strong><span style=\"color: #993366;\"><a style=\"color: #993366;\" href=\"https:\/\/igualdad.us.es\/wpblog\/wp-content\/uploads\/2025\/09\/Ayuda-2025.30_Publi-cartel.jpeg\" target=\"_blank\" rel=\"noopener\">Cartel <\/a>&#8211; <a style=\"color: #993366;\" href=\"https:\/\/igualdad.us.es\/wpblog\/wp-content\/uploads\/2025\/09\/Ayuda-2025.30_Publi-programa.pdf\" target=\"_blank\" rel=\"noopener\">Programa<\/a><\/span><\/p>\n","protected":false},"excerpt":{"rendered":"<p>PUBLICIDAD DE LAS INICIATIVAS SELECCIONADAS EN LA CONVOCATORIA 2025 (Aqu\u00ed ir\u00e1n aparecido las iniciativas seleccionadas para su inscripci\u00f3n o visualizaci\u00f3n o a medida que se vallan ejecutando) \u232a II Campa\u00f1a sensibilizaci\u00f3n No todo vale: trata como quieras que te traten (Ref. Iniciativa.2025-19) El pr\u00f3ximo\u00a0martes 25 de noviembre de 11.00 a 11.30 h, enmarcado dentro del&hellip;<\/p>\n","protected":false},"author":1,"featured_media":0,"parent":603,"menu_order":57,"comment_status":"closed","ping_status":"closed","template":"","meta":{"footnotes":""},"class_list":["post-8657","page","type-page","status-publish","hentry"],"_links":{"self":[{"href":"https:\/\/igualdad.us.es\/wpblog\/wp-json\/wp\/v2\/pages\/8657","targetHints":{"allow":["GET"]}}],"collection":[{"href":"https:\/\/igualdad.us.es\/wpblog\/wp-json\/wp\/v2\/pages"}],"about":[{"href":"https:\/\/igualdad.us.es\/wpblog\/wp-json\/wp\/v2\/types\/page"}],"author":[{"embeddable":true,"href":"https:\/\/igualdad.us.es\/wpblog\/wp-json\/wp\/v2\/users\/1"}],"replies":[{"embeddable":true,"href":"https:\/\/igualdad.us.es\/wpblog\/wp-json\/wp\/v2\/comments?post=8657"}],"version-history":[{"count":27,"href":"https:\/\/igualdad.us.es\/wpblog\/wp-json\/wp\/v2\/pages\/8657\/revisions"}],"predecessor-version":[{"id":8976,"href":"https:\/\/igualdad.us.es\/wpblog\/wp-json\/wp\/v2\/pages\/8657\/revisions\/8976"}],"up":[{"embeddable":true,"href":"https:\/\/igualdad.us.es\/wpblog\/wp-json\/wp\/v2\/pages\/603"}],"wp:attachment":[{"href":"https:\/\/igualdad.us.es\/wpblog\/wp-json\/wp\/v2\/media?parent=8657"}],"curies":[{"name":"wp","href":"https:\/\/api.w.org\/{rel}","templated":true}]}}