{"id":7936,"date":"2025-01-08T13:26:53","date_gmt":"2025-01-08T12:26:53","guid":{"rendered":"https:\/\/igualdad.us.es\/wpblog\/?page_id=7936"},"modified":"2025-01-08T13:26:53","modified_gmt":"2025-01-08T12:26:53","slug":"maria-barbeito","status":"publish","type":"page","link":"https:\/\/igualdad.us.es\/wpblog\/mujeres-destacadas\/maria-barbeito\/","title":{"rendered":"Mar\u00eda Nicolasa Paula Barbeito Cervi\u00f1o"},"content":{"rendered":"<p style=\"text-align: justify;\"><span style=\"color: #993366;\">Mar\u00eda Nicolasa Paula Barbeito Cervi\u00f1o (1880-1970)<\/span><\/p>\n<p>Maestra, pedagoga, soci\u00f3loga, escritora, publicista, traductora, ling\u00fcista y profesora espa\u00f1ola. Introdujo en Galicia una nueva propuesta metodol\u00f3gica basada en los principios del M\u00e9todo Montessori y los m\u00e9todos del belga Decroly.<\/p>\n<p>A los 16 a\u00f1os obtuvo el t\u00edtulo de Maestra Superior y en 1901 ocup\u00f3 el n\u00famero 1 en las oposiciones, escogiendo la Escuela Nacional da Guarda de La Coru\u00f1a, que dirigi\u00f3 desde 1915. En esta escuela implement\u00f3 una nueva metodolog\u00eda educativa, convirti\u00e9ndola en modelo referente para el magisterio gallego. En ella introdujo por primera vez en Galicia el m\u00e9todo Montessori, basado en la libertad y autonom\u00eda de las ni\u00f1as y ni\u00f1os en un ambiente creado para promover su desarrollo; y tambi\u00e9n el m\u00e9todo de los Centros de inter\u00e9s de Ovide Decroly, fundamentado en desarrollar planes de estudio acorde a los intereses personales etarios. Redact\u00f3 en 1932 una memoria de actividades donde recogi\u00f3 su proyecto escolar, incluyendo el proyecto curricular, su metodolog\u00eda educativa y los recursos utilizados.<\/p>\n<p>Adem\u00e1s, escribi\u00f3 varias publicaciones, desarroll\u00f3 varios proyectos y fund\u00f3 varias instituciones asistenciales, basadas en sus experiencias viajando a otros pa\u00edses conociendo otras instituciones educativas y propuestas pedag\u00f3gicas de Europa. Obtuvo diversos premios literarios y distinciones, como la Medalla de Mutualidades, la Cruz de Beneficencia y la Medalla de Oro de la Cruz Roja.<\/p>\n<blockquote><p><strong>\u201cLa escuela nueva se basa en el respeto, en el derecho de gentes, en la fraternidad, en la igualdad\u201d (Barbeito Cervi\u00f1o)<\/strong><\/p><\/blockquote>\n<p>Debido a la Guerra Civil, en 1937 fue destituida como directora y en 1941, por razones pol\u00edticas, se le acus\u00f3 de \u201cizquierdismo, ser partidaria de la coeducaci\u00f3n, ser antirreligiosa y descuidar la formaci\u00f3n moral de sus alumnas\u201d, por lo que fue destituida de sus cargos acad\u00e9micos y forzada a jubilarse. Continu\u00f3 con su trabajo literario y traducciones.<\/p>\n<p>&nbsp;<\/p>\n<p>&nbsp;<\/p>\n<p><a href=\"https:\/\/igualdad.us.es\/wpblog\/?page_id=910\"><span style=\"color: #993366;\">\u21b5 Volver<\/span><\/a><\/p>\n","protected":false},"excerpt":{"rendered":"<p>Maestra, pedagoga, soci\u00f3loga, escritora, publicista, traductora, ling\u00fcista y profesora espa\u00f1ola<\/p>\n","protected":false},"author":1,"featured_media":7937,"parent":910,"menu_order":0,"comment_status":"closed","ping_status":"closed","template":"","meta":{"footnotes":""},"class_list":["post-7936","page","type-page","status-publish","has-post-thumbnail","hentry"],"_links":{"self":[{"href":"https:\/\/igualdad.us.es\/wpblog\/wp-json\/wp\/v2\/pages\/7936","targetHints":{"allow":["GET"]}}],"collection":[{"href":"https:\/\/igualdad.us.es\/wpblog\/wp-json\/wp\/v2\/pages"}],"about":[{"href":"https:\/\/igualdad.us.es\/wpblog\/wp-json\/wp\/v2\/types\/page"}],"author":[{"embeddable":true,"href":"https:\/\/igualdad.us.es\/wpblog\/wp-json\/wp\/v2\/users\/1"}],"replies":[{"embeddable":true,"href":"https:\/\/igualdad.us.es\/wpblog\/wp-json\/wp\/v2\/comments?post=7936"}],"version-history":[{"count":1,"href":"https:\/\/igualdad.us.es\/wpblog\/wp-json\/wp\/v2\/pages\/7936\/revisions"}],"predecessor-version":[{"id":7938,"href":"https:\/\/igualdad.us.es\/wpblog\/wp-json\/wp\/v2\/pages\/7936\/revisions\/7938"}],"up":[{"embeddable":true,"href":"https:\/\/igualdad.us.es\/wpblog\/wp-json\/wp\/v2\/pages\/910"}],"wp:featuredmedia":[{"embeddable":true,"href":"https:\/\/igualdad.us.es\/wpblog\/wp-json\/wp\/v2\/media\/7937"}],"wp:attachment":[{"href":"https:\/\/igualdad.us.es\/wpblog\/wp-json\/wp\/v2\/media?parent=7936"}],"curies":[{"name":"wp","href":"https:\/\/api.w.org\/{rel}","templated":true}]}}