{"id":2014,"date":"2019-01-24T12:20:12","date_gmt":"2019-01-24T12:20:12","guid":{"rendered":"http:\/\/igualdad.us.es\/?page_id=2014"},"modified":"2024-10-07T18:20:36","modified_gmt":"2024-10-07T17:20:36","slug":"red-de-referentes-para-la-convivencia-y-el-buentrato","status":"publish","type":"page","link":"https:\/\/igualdad.us.es\/wpblog\/debes-conocer\/red-de-referentes-para-la-convivencia-y-el-buentrato\/","title":{"rendered":"Red de Referentes"},"content":{"rendered":"<p style=\"text-align: justify;\"><span style=\"color: #993366;\"><strong>\u00a0<\/strong><\/span><\/p>\n<h4><span style=\"color: #002858;\">Introducci\u00f3n<\/span><\/h4>\n<p style=\"text-align: justify;\">Para alcanzar una universidad igualitaria y saludable lo m\u00e1s importantes es atender a las relaciones entre las personas, que \u00e9stas sean saludables en una comunidad universitaria de casi 80.000 miembros es complejo. Adem\u00e1s, la estructura de nuestra instituci\u00f3n puede favorecer relaciones igualitarias sin embargo, tambi\u00e9n puede facilitar relaciones de poder.<\/p>\n<p style=\"text-align: justify;\">Tenemos como instituci\u00f3n, servicios (Unidad para la Igualdad, Servicio de Prevenci\u00f3n de Riesgos, \u00f3rganos de representaci\u00f3n de trabajadores y alumnado, Comisi\u00f3n de Igualdad, Comit\u00e9 de Seguridad y Salud, Defensor\u00eda universitaria\u2026) e instrumentos (II Plan de Igualdad, Protocolo para la Prevenci\u00f3n, Evaluaci\u00f3n e Intervenci\u00f3n ante el Acoso en la Universidad de Sevilla (BOUS n\u00ba 7, Acuerdo 9.1 de Consejo de Gobierno de la US, de 19 de junio de 2018), Estrategia de Seguridad y Salud de la US, Red de Voluntariado para la Prevenci\u00f3n y Apoyo a V\u00edctimas de Violencia de G\u00e9nero en la US\u2026), entre otros.<\/p>\n<p style=\"text-align: justify;\">A pesar de ellos, no escapamos a encontrar en nuestro seno conductas que atentan contra la dignidad de las personas. Pueden ir desde conflictos leves a situaciones de acoso, acoso laboral, sexual, por raz\u00f3n de sexo, por orientaci\u00f3n sexual, por identidad de g\u00e9nero, cibercoso, violencia de g\u00e9nero&#8230; La Universidad, en ese sentido, no puede permanecer ajena a estos problemas, que sabemos se dan tambi\u00e9n dentro de su comunidad.<\/p>\n<p style=\"text-align: justify;\">Los diferentes casos en nuestras comunidades universitarias y la experiencia de los servicios implicados en la aplicaci\u00f3n pr\u00e1ctica de los instrumentos, ponen de manifiesto la necesidad de reflexi\u00f3n y evaluaci\u00f3n continua para mejorar la eficacia en la respuesta de la Universidad en la prevenci\u00f3n, intervenci\u00f3n y protecci\u00f3n de las personas que pudieran estar siendo v\u00edctimas de un trato indigno, as\u00ed como el avance hacia una universidad m\u00e1s igualitaria y saludable.<\/p>\n<p style=\"text-align: justify;\">Fruto de estas reflexiones, se consider\u00f3 necesario proponer la creaci\u00f3n de un grupo de expertos y expertas implicadas y formadas en estos aspectos, que est\u00e9n m\u00e1s cerca de cada una de las personas de nuestra comunidad y que, trabajando en red y en permanente coordinaci\u00f3n con la Unidad para la Igualdad y el Servicio de Prevenci\u00f3n de riesgos Laborales (SEPRUS), consigan un efecto multiplicador en la sensibilizaci\u00f3n y fomento de buentrato, as\u00ed como de la prevenci\u00f3n de relaciones t\u00f3xicas. Es as\u00ed como se crea la <strong>Red de Referentes para la Convivencia y el Buentrato en la US<\/strong>, presente su existencia y funciones en el Protocolo para la Prevenci\u00f3n, Evaluaci\u00f3n e Intervenci\u00f3n ante el Acoso en la Universidad de Sevilla.<\/p>\n<h4><span style=\"color: #002858;\">Objetivos<\/span><\/h4>\n<p><u>Objetivo general<\/u><\/p>\n<ul>\n<li>Fomentar y facilitar las relaciones de convivencia y buentrato en el seno de la comunidad universitaria de la US.<\/li>\n<\/ul>\n<p><u>Objetivos espec\u00edficos<\/u><\/p>\n<ul>\n<li>Que funcione una red de personas referentes expertas en \u201cconvivencia y relaciones de buentrato\u201d, cercana a los centros de la comunidad universitaria y en conexi\u00f3n con la Unidad para la Igualdad y SEPRUS.<\/li>\n<li>Multiplicar la acci\u00f3n de promoci\u00f3n de relaciones saludables en la US.<\/li>\n<li>Detectar precozmente cualquier indicio de relaciones de maltrato en el seno de la comunidad universitaria.<\/li>\n<li>Prevenir relaciones indignas y\/o de acoso en cualquier sentido, a trav\u00e9s de la sensibilizaci\u00f3n.<\/li>\n<li>Acercar a los centros de la US la informaci\u00f3n de los recursos, y gesti\u00f3n de asuntos relacionados con conductas que atenten contra la dignidad de las personas de la comunidad universitaria.<\/li>\n<li>Realizar las derivaciones oportunas a los distintos procedimientos de la US (Protocolo, mediaci\u00f3n, riesgos psicosociales, etc.).<\/li>\n<\/ul>\n<h4><span style=\"color: #002858;\">Funciones<\/span><\/h4>\n<ol>\n<li>Colaborar en la informaci\u00f3n y sensibilizaci\u00f3n a la comunidad universitaria de su centro en materia de convivencia, buentrato, acoso, violencia de g\u00e9nero\u2026 y recursos de la US en estos aspectos.<\/li>\n<li>\u00a0Atender a las personas que lo soliciten, bien de su centro o de cualquier otro de la US, aplicando la metodolog\u00eda y los conocimientos adquiridos en la formaci\u00f3n recibida para ello.<\/li>\n<li>Conocer los distintos canales y recursos, tanto de la US como de las distintas instituciones, para derivar o iniciar los procedimientos adecuados en cada caso.<\/li>\n<li>Acompa\u00f1ar a las personas que lo necesiten en los distintos procesos.<\/li>\n<li>Iniciar mediaci\u00f3n de conflictos si procede.<\/li>\n<li>Coordinarse con la Unidad para la Igualdad y SEPRUS.<\/li>\n<li>Participar en la Red de Voluntariado para Prevenci\u00f3n y Apoyo a V\u00edctimas de Violencia de G\u00e9nero en la US.<\/li>\n<\/ol>\n<h4><span style=\"color: #002858;\">Funcionamiento<\/span><\/h4>\n<ul>\n<li>Consiste en un elenco de personas de la comunidad universitaria de la US expertas en convivencia y relaciones de buentrato.<\/li>\n<li>Para ello un representante por centro de la US del PAS y otro del PDI (m\u00ednimo) se forman en materias de convivencia y buentrato, salud y g\u00e9nero, gesti\u00f3n de conflictos, violencia de g\u00e9nero, conductas que atenten contra la dignidad de las personas, victimolog\u00eda\u2026 Esta formaci\u00f3n estar\u00e1 abierta tambi\u00e9n para miembros de la Comisi\u00f3n de Igualdad y el Comit\u00e9 de Seguridad y Salud de la US.<\/li>\n<li>La relaci\u00f3n de las personas que forman parte de la Red, est\u00e1 p\u00fablica para el conocimiento de todas y todos los miembros de la comunidad universitaria.<\/li>\n<li>Cualquier persona de la comunidad universitaria o agente externo con relaci\u00f3n con la US podr\u00e1 acudir a una de estas personas para informarse, interponer queja, solicitar ayuda o cualquier cuesti\u00f3n que necesite en esta materia.\n<ul style=\"list-style-type: circle;\">\n<li>Acudir\u00e1 preferentemente a las personas referentes del centro al que pertenece, pero tambi\u00e9n podr\u00e1 hacerlo a cualquier persona de la red, si lo prefiere.<\/li>\n<\/ul>\n<\/li>\n<li>Estas personas referentes actuar\u00e1n en estrecha coordinaci\u00f3n con la Unidad para la Igualdad y SEPRUS.<\/li>\n<li>Habr\u00e1 una sesi\u00f3n trimestral de puesta en com\u00fan de las acciones realizadas, siempre salvaguardando la confidencialidad de los datos y personas atendidas.<\/li>\n<li>Se realizar\u00e1 un registro de las solicitudes recibidas, atendidas, resueltas\u2026 habilitado al efecto y un informe anual.<\/li>\n<\/ul>\n<h4><span style=\"color: #002858;\">Requisitos para formar parte de la Red<\/span><\/h4>\n<ul>\n<li style=\"text-align: justify;\">Ser PAS o PDI de la US.<\/li>\n<li>Haber realizado la formaci\u00f3n espec\u00edfica del \u201cCurso de expertos y expertas en convivencia y relaciones de buentrato\u201d.<\/li>\n<li>Tener el visto bueno de la Direcci\u00f3n del centro de pertenencia.<\/li>\n<\/ul>\n<h4><span style=\"color: #002858;\">Componentes<\/span><\/h4>\n<p>&nbsp;<\/p>\n<p>&nbsp;<\/p>\n<table style=\"width: 101.291%; height: 1417px;\" border=\"1\" summary=\"Composici\u00f3n de la Comisi\u00f3n de Igualdad de la Universidad de Sevilla\" cellspacing=\"2\" cellpadding=\"5\">\n<tbody>\n<tr style=\"height: 24px;\">\n<th style=\"text-align: center; width: 99.8828%; height: 24px;\" colspan=\"4\" scope=\"colgroup\"><strong><span style=\"color: #993366;\">Red de Referentes para la Convivencia y el Buentrato en la Universidad de Sevilla<\/span><\/strong><em><br \/>\n<\/em><\/th>\n<\/tr>\n<tr style=\"height: 24px;\">\n<th style=\"width: 37.7491%; height: 24px;\">\u00a0Centro\/Servicio<\/th>\n<th style=\"width: 26.612%; height: 24px;\">\u00a0Nombre<\/th>\n<td style=\"width: 10.551%; height: 24px; vertical-align: middle; text-align: center;\">\u00a0<strong>PDI\/PAS<\/strong><\/td>\n<th style=\"width: 24.9707%; height: 24px;\">\u00a0Email<\/th>\n<\/tr>\n<tr style=\"height: 24px;\">\n<td style=\"width: 37.7491%; height: 24px;\">\u00a0Escuela Polit\u00e9cnica Superior<\/td>\n<td style=\"width: 26.612%; height: 24px;\">\u00a0M\u00aa Isabel Gonz\u00e1lez Guti\u00e9rrez<\/td>\n<td style=\"width: 10.551%; height: 24px; text-align: center; vertical-align: middle;\">PAS<\/td>\n<td style=\"width: 24.9707%; height: 24px;\">\u00a0<a href=\"mailto:migonza@us.es\" target=\"_blank\" rel=\"noopener\">migonza@us.es<\/a><\/td>\n<\/tr>\n<tr style=\"height: 24px;\">\n<td style=\"width: 37.7491%; height: 24px;\">\u00a0Escuela T\u00e9cnica Superior de Arquitectura<\/td>\n<td style=\"width: 26.612%; height: 24px;\">\u00a0Lourdes Royo Naranjo<\/td>\n<td style=\"width: 10.551%; height: 24px; text-align: center; vertical-align: middle;\">PDI<\/td>\n<td style=\"width: 24.9707%; height: 24px;\">\u00a0<a href=\"mailto:lroyo@us.es\">lroyo@us.es<\/a><\/td>\n<\/tr>\n<tr style=\"height: 24px;\">\n<td style=\"width: 37.7491%; height: 24px;\">\u00a0Escuela T\u00e9cnica Superior de Ingenier\u00eda<\/td>\n<td style=\"width: 26.612%; height: 24px;\">\u00a0Bernab\u00e9 Alonso Fari\u00f1as<\/td>\n<td style=\"width: 10.551%; height: 24px; text-align: center; vertical-align: middle;\">PDI<\/td>\n<td style=\"width: 24.9707%; height: 24px;\">\u00a0<a href=\"mailto:bernabeaf@us.es\">bernabeaf@us.es<\/a><\/td>\n<\/tr>\n<tr style=\"height: 24px;\">\n<td style=\"width: 37.7491%; height: 24px;\">\u00a0Escuela T\u00e9cnica Superior de Ingenier\u00eda<\/td>\n<td style=\"width: 26.612%; height: 24px;\">\u00a0Rosario Villegas S\u00e1nchez<\/td>\n<td style=\"width: 10.551%; height: 24px; text-align: center; vertical-align: middle;\">PDI<\/td>\n<td style=\"width: 24.9707%; height: 24px;\">\u00a0<a href=\"mailto:rvillegas@us.es\">rvillegas@us.es<\/a><\/td>\n<\/tr>\n<tr style=\"height: 24px;\">\n<td style=\"width: 37.7491%; height: 24px;\">\u00a0Escuela T\u00e9cnica Superior de Ingenier\u00eda Agron\u00f3mica<\/td>\n<td style=\"width: 26.612%; height: 24px;\">\u00a0Mar\u00eda del Carmen Florido Fern\u00e1ndez<\/td>\n<td style=\"width: 10.551%; height: 24px; text-align: center; vertical-align: middle;\">PDI<\/td>\n<td style=\"width: 24.9707%; height: 24px;\">\u00a0<a href=\"mailto:florido@us.es\">florido@us.es<\/a><\/td>\n<\/tr>\n<tr style=\"height: 30px;\">\n<td style=\"width: 37.7491%; height: 30px;\">\u00a0Escuela T\u00e9cnica Superior de Ingenier\u00eda Edificaci\u00f3n<\/td>\n<td style=\"width: 26.612%; height: 30px;\">\u00a0Fantina Carrasco Mart\u00edn<\/td>\n<td style=\"width: 10.551%; text-align: center; vertical-align: middle; height: 30px;\">PDI<\/td>\n<td style=\"width: 24.9707%; height: 30px;\">\u00a0<a href=\"mailto:fantina@us.es\" target=\"_blank\" rel=\"noopener\">fantina@us.es<\/a><\/td>\n<\/tr>\n<tr style=\"height: 24px;\">\n<td style=\"width: 37.7491%; height: 24px;\">\u00a0Escuela T\u00e9cnica Superior de Ingenier\u00eda Inform\u00e1tica<\/td>\n<td style=\"width: 26.612%; height: 24px;\">\u00a0Francisco Javier Gonz\u00e1lez Cabezudo<\/td>\n<td style=\"width: 10.551%; height: 24px; text-align: center; vertical-align: middle;\">PAS<\/td>\n<td style=\"width: 24.9707%; height: 24px;\">\u00a0<a href=\"mailto:jgc@us.es\">jgc@us.es<\/a><\/td>\n<\/tr>\n<tr style=\"height: 25px;\">\n<td style=\"width: 37.7491%; height: 25px;\">\u00a0Escuela T\u00e9cnica Superior de Ingenier\u00eda Inform\u00e1tica<\/td>\n<td style=\"width: 26.612%; height: 25px;\">\u00a0Cristina Rubio Escudero<\/td>\n<td style=\"width: 10.551%; text-align: center; height: 25px;\">PDI<\/td>\n<td style=\"width: 24.9707%; height: 25px;\">\u00a0<a href=\"mailto:crubioescudero@us.es\">crubioescudero@us.es<\/a><\/td>\n<\/tr>\n<tr style=\"height: 23px;\">\n<td style=\"width: 37.7491%; height: 24px;\">\u00a0Escuela T\u00e9cnica Superior de Ingenier\u00eda Inform\u00e1tica<\/td>\n<td style=\"width: 26.612%; height: 24px;\">\u00a0Ana Mar\u00eda Jim\u00e9nez Pe\u00f1a<\/td>\n<td style=\"width: 10.551%; text-align: center; height: 24px;\">PAS<\/td>\n<td style=\"width: 24.9707%; height: 24px;\"><a href=\"mailto:ajimenez22@us.es\">\u00a0ajimenez22@us.es<\/a><\/td>\n<\/tr>\n<tr style=\"height: 24px;\">\n<td style=\"width: 37.7491%; height: 24px;\">\u00a0Escuela T\u00e9cnica Superior de Ingenier\u00eda Inform\u00e1tica<\/td>\n<td style=\"width: 26.612%; height: 24px;\">\u00a0Mar\u00eda del Carmen Romero Ternero<\/td>\n<td style=\"width: 10.551%; text-align: center; height: 24px;\">PDI<\/td>\n<td style=\"width: 24.9707%; height: 24px;\"><a href=\"mailto:mcromerot@us.es\">\u00a0mcromerot@us.es<\/a><\/td>\n<\/tr>\n<tr style=\"height: 24px;\">\n<td style=\"width: 37.7491%; height: 24px;\">\u00a0Escuela T\u00e9cnica Superior de Ingenier\u00eda Inform\u00e1tica<\/td>\n<td style=\"width: 26.612%; height: 24px;\">\u00a0Roc\u00edo V\u00e1zquez Gamarro<\/td>\n<td style=\"width: 10.551%; text-align: center; height: 24px;\">PAS<\/td>\n<td style=\"width: 24.9707%; height: 24px;\"><a href=\"mailto:rvazquez4@us.es\">\u00a0rvazquez4@us.es<\/a><\/td>\n<\/tr>\n<tr style=\"height: 36px;\">\n<td style=\"width: 37.7491%; height: 27px;\">\u00a0Facultad de Bellas Artes<\/td>\n<td style=\"width: 26.612%; height: 27px;\">\u00a0Rafael\u00a0 \u00c1vila Muniz<\/td>\n<td style=\"width: 10.551%; text-align: center; height: 27px;\">PAS<\/td>\n<td style=\"width: 24.9707%; height: 27px;\">\u00a0<a href=\"mailto:rafaelavila@us.es\">rafaelavila@us.es<\/a><\/td>\n<\/tr>\n<tr style=\"height: 25px;\">\n<td style=\"width: 37.7491%; height: 25px;\">\u00a0Facultad de Bellas Artes<\/td>\n<td style=\"width: 26.612%; height: 25px;\">\u00a0Mar\u00eda Fernanda Mor\u00f3n de Castro<\/td>\n<td style=\"width: 10.551%; text-align: center; height: 25px;\">PDI<\/td>\n<td style=\"width: 24.9707%; height: 25px;\">\u00a0<a href=\"mailto:mfmmus@us.es\">mfmmus@us.es<\/a><\/td>\n<\/tr>\n<tr style=\"height: 25px;\">\n<td style=\"width: 37.7491%; height: 25px;\">\u00a0Facultad de Biolog\u00eda<\/td>\n<td style=\"width: 26.612%; height: 25px;\">\u00a0Ascensi\u00f3n Blasco Cort\u00e9s<\/td>\n<td style=\"width: 10.551%; text-align: center; height: 25px;\">PAS<\/td>\n<td style=\"width: 24.9707%; height: 25px;\">\u00a0<a href=\"mailto:biojesec@us.es\">biojesec@us.es<\/a><\/td>\n<\/tr>\n<tr style=\"height: 24px;\">\n<td style=\"width: 37.7491%; height: 24px;\">\u00a0Facultad de Biolog\u00eda<\/td>\n<td style=\"width: 26.612%; height: 24px;\">\u00a0Ana Mar\u00eda Rinc\u00f3n Romero<\/td>\n<td style=\"width: 10.551%; text-align: center; height: 24px;\">PDI<\/td>\n<td style=\"width: 24.9707%; height: 24px;\">\u00a0 <a href=\"mailto:amrincon@us.es\">amrincon@us.es<\/a><\/td>\n<\/tr>\n<tr style=\"height: 24px;\">\n<td style=\"width: 37.7491%; height: 24px;\">\u00a0Facultad de Ciencias de la Educaci\u00f3n<\/td>\n<td style=\"width: 26.612%; height: 24px;\">\u00a0M\u00aa Jos\u00e9 \u00c1lvarez Orive<\/td>\n<td style=\"width: 10.551%; height: 24px; text-align: center; vertical-align: middle;\">PAS<\/td>\n<td style=\"width: 24.9707%; height: 24px;\">\u00a0<a href=\"mailto:mjaorive@us.es\">mjaorive@us.es<\/a><\/td>\n<\/tr>\n<tr style=\"height: 25px;\">\n<td style=\"width: 37.7491%; height: 25px;\">\u00a0Facultad de Ciencias de la Educaci\u00f3n<\/td>\n<td style=\"width: 26.612%; height: 25px;\" width=\"289\">\u00a0Ruth Mar\u00eda Cabeza Ru\u00edz<\/td>\n<td style=\"width: 10.551%; text-align: center; height: 25px;\">PDI<\/td>\n<td style=\"width: 24.9707%; height: 25px;\">\u00a0<a href=\"mailto:ruthcr@us.es\">ruthcr@us.es<\/a><\/td>\n<\/tr>\n<tr style=\"height: 24px;\">\n<td style=\"width: 37.7491%; height: 24px;\">\u00a0Facultad de Ciencias de la Educaci\u00f3n<\/td>\n<td style=\"width: 26.612%; height: 24px;\">\u00a0Alfonso Javier Garc\u00eda Gonz\u00e1lez<\/td>\n<td style=\"width: 10.551%; height: 24px; text-align: center; vertical-align: middle;\">PDI<\/td>\n<td style=\"width: 24.9707%; height: 24px;\">\u00a0<a href=\"mailto:alfonsoj@us.es\">alfonsoj@us.es<\/a><\/td>\n<\/tr>\n<tr style=\"height: 24px;\">\n<td style=\"width: 37.7491%; height: 24px;\">\u00a0Facultad de Ciencias de la Educaci\u00f3n<\/td>\n<td style=\"width: 26.612%; height: 24px;\">\u00a0Virginia Guichot Reina<\/td>\n<td style=\"width: 10.551%; height: 24px; text-align: center; vertical-align: middle;\">PDI<\/td>\n<td style=\"width: 24.9707%; height: 24px;\">\u00a0<a href=\"mailto:guichot@us.es\">guichot@us.es<\/a><\/td>\n<\/tr>\n<tr style=\"height: 36px;\">\n<td style=\"width: 37.7491%; height: 36px;\">\u00a0Facultad de Enfermer\u00eda, Fisioterapia y Podolog\u00eda<\/td>\n<td style=\"width: 26.612%; height: 36px;\">\u00a0Eva Braojos Moya<\/td>\n<td style=\"width: 10.551%; text-align: center; height: 36px;\">PAS<\/td>\n<td style=\"width: 24.9707%; height: 36px;\">\u00a0<a href=\"mailto:ebraojos@us.es\">ebraojos@us.es<\/a><\/td>\n<\/tr>\n<tr style=\"height: 36px;\">\n<td style=\"width: 37.7491%; height: 36px;\">\u00a0Facultad de Enfermer\u00eda, Fisioterapia y Podolog\u00eda<\/td>\n<td style=\"width: 26.612%; height: 36px;\">\u00a0Rosa M\u00aa Casquero Villalba<\/td>\n<td style=\"width: 10.551%; text-align: center; height: 36px;\">PAS<\/td>\n<td style=\"width: 24.9707%; height: 36px;\">\u00a0<a href=\"mailto:rosacasvi@us.es\">rosacasvi@us.es<\/a><\/td>\n<\/tr>\n<tr style=\"height: 36px;\">\n<td style=\"width: 37.7491%; height: 36px;\">\u00a0Facultad de Enfermer\u00eda, Fisioterapia y Podolog\u00eda<\/td>\n<td style=\"width: 26.612%; height: 36px;\">\u00a0F\u00e1tima Le\u00f3n Larios<\/td>\n<td style=\"width: 10.551%; text-align: center; height: 36px;\">PDI<\/td>\n<td style=\"width: 24.9707%; height: 36px;\">\u00a0<a href=\"mailto:fatimaleon@us.es\">fatimaleon@us.es<\/a><\/td>\n<\/tr>\n<tr style=\"height: 36px;\">\n<td style=\"width: 37.7491%; height: 36px;\">\u00a0Facultad de Filolog\u00eda<\/td>\n<td style=\"width: 26.612%; height: 36px;\">\u00a0Cristina Mart\u00ednez Fraile<\/td>\n<td style=\"width: 10.551%; text-align: center; height: 36px;\">PDI<\/td>\n<td style=\"width: 24.9707%; height: 36px;\">\u00a0<a href=\"mailto:cmartinez@us.es\">cmartinez@us.es<\/a><\/td>\n<\/tr>\n<tr style=\"height: 36px;\">\n<td style=\"width: 37.7491%; height: 36px;\">\u00a0Facultad de Filolog\u00eda<\/td>\n<td style=\"width: 26.612%; height: 36px;\">\u00a0Carmen Rodr\u00edguez Vileya<\/td>\n<td style=\"width: 10.551%; text-align: center; height: 36px;\">PAS<\/td>\n<td style=\"width: 24.9707%; height: 36px;\">\u00a0<a href=\"mailto:crodriguez3@us.es\">crodriguez3@us.es<\/a><\/td>\n<\/tr>\n<tr style=\"height: 36px;\">\n<td style=\"width: 37.7491%; height: 36px;\">\u00a0Facultad de Filosof\u00eda<\/td>\n<td style=\"width: 26.612%; height: 36px;\">\u00a0Rosalia Gata Mata<\/td>\n<td style=\"width: 10.551%; text-align: center; height: 36px;\">PAS<\/td>\n<td style=\"width: 24.9707%; height: 36px;\">\u00a0<a href=\"mailto:rgata@us.es\">rgata@us.es<\/a><\/td>\n<\/tr>\n<tr style=\"height: 24px;\">\n<td style=\"width: 37.7491%; height: 24px;\">\u00a0Facultad de F\u00edsica<\/td>\n<td style=\"width: 26.612%; height: 24px;\">\u00a0Ana Morales Rodr\u00edguez<\/td>\n<td style=\"width: 10.551%; text-align: center; height: 24px;\">PDI<\/td>\n<td style=\"width: 24.9707%; height: 24px;\">\u00a0<a href=\"mailto:amr@us.es\">amr@us.es<\/a><\/td>\n<\/tr>\n<tr style=\"height: 24px;\">\n<td style=\"width: 37.7491%; height: 24px;\">\u00a0Facultad de F\u00edsica<\/td>\n<td style=\"width: 26.612%; height: 24px;\">\u00a0Tatiana Ru\u00edz Rodr\u00edguez<\/td>\n<td style=\"width: 10.551%; text-align: center; height: 24px;\">PAS<\/td>\n<td style=\"width: 24.9707%; height: 24px;\">\u00a0t<a href=\"mailto:rrodriguez@us.es\">rrodriguez@us.es<\/a><\/td>\n<\/tr>\n<tr style=\"height: 36px;\">\n<td style=\"width: 37.7491%; height: 36px;\">\u00a0Facultad de Geograf\u00eda e Historia<\/td>\n<td style=\"width: 26.612%; height: 36px;\">\u00a0M\u00aa Dolores Murga Peinado<\/td>\n<td style=\"width: 10.551%; text-align: center; height: 36px;\">PAS<\/td>\n<td style=\"width: 24.9707%; height: 36px;\">\u00a0<a href=\"mailto:mmurga@us.es\">mmurga@us.es<\/a><\/td>\n<\/tr>\n<tr style=\"height: 36px;\">\n<td style=\"width: 37.7491%; height: 36px;\">\u00a0Facultad de Geograf\u00eda e Historia<\/td>\n<td style=\"width: 26.612%; height: 36px;\">\u00a0Assumpta Sabuco Canto<\/td>\n<td style=\"width: 10.551%; text-align: center; height: 36px;\">PDI<\/td>\n<td style=\"width: 24.9707%; height: 36px;\">\u00a0<a href=\"mailto:assumpta@us.es\">assumpta@us.es<\/a><\/td>\n<\/tr>\n<tr style=\"height: 36px;\">\n<td style=\"width: 37.7491%; height: 36px;\">\u00a0Facultad de Medicina<\/td>\n<td style=\"width: 26.612%; height: 36px;\">\u00a0M\u00aa Dolores Mojarro Pr\u00e1xedes<\/td>\n<td style=\"width: 10.551%; text-align: center; height: 36px;\">PDI<\/td>\n<td style=\"width: 24.9707%; height: 36px;\">\u00a0<a href=\"mailto:mojarro@us.es\">mojarro@us.es<\/a><\/td>\n<\/tr>\n<tr style=\"height: 24px;\">\n<td style=\"width: 37.7491%; height: 24px;\">\u00a0Facultad de Medicina<\/td>\n<td style=\"width: 26.612%; height: 24px;\">\u00a0F\u00e1tima Morales Mart\u00edn<\/td>\n<td style=\"width: 10.551%; text-align: center; height: 24px;\">PDI<\/td>\n<td style=\"width: 24.9707%; height: 24px;\">\u00a0 <a href=\"mailto:fmmarin@us.es\">fmmarin@us.es<\/a><\/td>\n<\/tr>\n<tr style=\"height: 36px;\">\n<td style=\"width: 37.7491%; height: 36px;\">\u00a0Facultad de Odontolog\u00eda<\/td>\n<td style=\"width: 26.612%; height: 36px;\">\u00a0M\u00aa del Carmen Machuca Portillo<\/td>\n<td style=\"width: 10.551%; text-align: center; height: 36px;\">PDI<\/td>\n<td style=\"width: 24.9707%; height: 36px;\">\u00a0<a href=\"mailto:mmachuca@us.es\">mmachuca@us.es<\/a><\/td>\n<\/tr>\n<tr style=\"height: 36px;\">\n<td style=\"width: 37.7491%; height: 36px;\">\u00a0Facultad de Psicolog\u00eda<\/td>\n<td style=\"width: 26.612%; height: 36px;\">\u00a0M\u00aa Dolores Lanzarote Fern\u00e1ndez<\/td>\n<td style=\"width: 10.551%; text-align: center; height: 36px;\">PDI<\/td>\n<td style=\"width: 24.9707%; height: 36px;\">\u00a0<a href=\"mailto:lanzarote@us.es\">lanzarote@us.es<\/a><\/td>\n<\/tr>\n<tr style=\"height: 36px;\">\n<td style=\"width: 37.7491%; height: 36px;\">\u00a0Facultad de Turismo y Finanzas<\/td>\n<td style=\"width: 26.612%; height: 36px;\">\u00a0Carmen Adames Garc\u00eda<\/td>\n<td style=\"width: 10.551%; text-align: center; height: 36px;\">PAS<\/td>\n<td style=\"width: 24.9707%; height: 36px;\">\u00a0<a href=\"mailto:cadames@us.es\">cadames@us.es<\/a><\/td>\n<\/tr>\n<tr style=\"height: 36px;\">\n<td style=\"width: 37.7491%; height: 36px;\">\u00a0Facultad de Turismo y Finanzas<\/td>\n<td style=\"width: 26.612%; height: 36px;\">\u00a0M\u00aa \u00c1ngeles Gallego \u00c1gueda<\/td>\n<td style=\"width: 10.551%; text-align: center; height: 36px;\">PDI<\/td>\n<td style=\"width: 24.9707%; height: 36px;\">\u00a0<a href=\"mailto:maga@us.es\">maga@us.es<\/a><\/td>\n<\/tr>\n<tr>\n<td style=\"width: 37.7491%;\">\u00a0Comisi\u00f3n Igualdad. Representante Junta de Personal PAS Funcionario<\/td>\n<td style=\"width: 26.612%;\">\u00a0Estrella Silva Su\u00e1rez<\/td>\n<td style=\"width: 10.551%; text-align: center;\">PAS<\/td>\n<td style=\"width: 24.9707%;\">\u00a0<a href=\"mailto:esilva@us.es\">esilva@us.es<\/a><\/td>\n<\/tr>\n<tr>\n<td style=\"width: 37.7491%;\">\u00a0Comisi\u00f3n Seguridad y Salud. Representante del SAT<\/td>\n<td style=\"width: 26.612%;\">\u00a0Francisco Jos\u00e9 Fern\u00e1ndez Rom\u00e1n<\/td>\n<td style=\"width: 10.551%; text-align: center;\">PAS<\/td>\n<td style=\"width: 24.9707%;\">\u00a0<a href=\"mailto:francisweed@us.es\">francisweed@us.es<\/a><\/td>\n<\/tr>\n<tr style=\"height: 36px;\">\n<td style=\"width: 37.7491%; height: 36px;\">\u00a0Pabell\u00f3n de Brasil<\/td>\n<td style=\"width: 26.612%; height: 36px;\" width=\"289\">\u00a0Pilar Barrachina Mediavialla<\/td>\n<td style=\"width: 10.551%; text-align: center; height: 36px;\">PAS<\/td>\n<td style=\"width: 24.9707%; height: 36px;\">\u00a0<a href=\"mailto:pbarrach@us.es\">pbarrach@us.es<\/a><\/td>\n<\/tr>\n<tr style=\"height: 24px;\">\n<td style=\"width: 37.7491%; height: 24px;\">\u00a0Pabell\u00f3n de Brasil<\/td>\n<td style=\"width: 26.612%; height: 24px;\">\u00a0Lola Zambruno Mu\u00f1oz<\/td>\n<td style=\"width: 10.551%; text-align: center; height: 24px;\">PAS<\/td>\n<td style=\"width: 24.9707%; height: 24px;\">\u00a0l<a href=\"mailto:zambruno@us.es\">zambruno@us.es<\/a><\/td>\n<\/tr>\n<tr style=\"height: 36px;\">\n<td style=\"width: 37.7491%; height: 36px;\">\u00a0Pabell\u00f3n de Uruguay<\/td>\n<td style=\"width: 26.612%; height: 36px;\">\u00a0Carmen Mar\u00eda Roldan Fern\u00e1ndez<\/td>\n<td style=\"width: 10.551%; text-align: center; height: 36px;\">PAS<\/td>\n<td style=\"width: 24.9707%; height: 36px;\">\u00a0<a href=\"mailto:carmenmaria@us.es\">carmenmaria@us.es<\/a><\/td>\n<\/tr>\n<tr style=\"height: 24px;\">\n<td style=\"width: 37.7491%; height: 24px;\">\u00a0Rectorado<\/td>\n<td style=\"width: 26.612%; height: 24px;\">\u00a0M\u00aa de Gracia Calder\u00f3n Reyes<\/td>\n<td style=\"width: 10.551%; text-align: center; height: 24px;\">PAS<\/td>\n<td style=\"width: 24.9707%; height: 24px;\">\u00a0<a href=\"mailto:gcalderonr@us.es\">gcalderonr@us.es<\/a><\/td>\n<\/tr>\n<tr style=\"height: 24px;\">\n<td style=\"width: 37.7491%; height: 24px;\">\u00a0Representante de CSIF<\/td>\n<td style=\"width: 26.612%; height: 24px;\">\u00a0Mar\u00eda Gavira Rodr\u00edguez<\/td>\n<td style=\"width: 10.551%; text-align: center; height: 24px;\">PAS<\/td>\n<td style=\"width: 24.9707%; height: 24px;\">\u00a0<a href=\"mailto:mgavira@us.es\">mgavira@us.es<\/a><\/td>\n<\/tr>\n<tr style=\"height: 24px;\">\n<td style=\"width: 37.7491%; height: 24px;\">\u00a0Representante del SAT<\/td>\n<td style=\"width: 26.612%; height: 24px;\">\u00a0Aurora Guil Alvarez<\/td>\n<td style=\"width: 10.551%; text-align: center; height: 24px;\">PAS<\/td>\n<td style=\"width: 24.9707%; height: 24px;\">\u00a0<a href=\"mailto:agalvarez@us.es\">agalvarez@us.es<\/a><\/td>\n<\/tr>\n<tr>\n<td style=\"width: 37.7491%;\">\u00a0SADUS<\/td>\n<td style=\"width: 26.612%;\">\u00a0Estefan\u00eda de los \u00c1ngeles Rebollo Zamorano<\/td>\n<td style=\"width: 10.551%; text-align: center;\">PAS<\/td>\n<td style=\"width: 24.9707%;\">\u00a0<a href=\"mailto:erebollo@us.es\">erebollo@us.es<\/a><\/td>\n<\/tr>\n<tr>\n<td style=\"width: 37.7491%;\">\u00a0Servicio de Mantenimiento<\/td>\n<td style=\"width: 26.612%;\">\u00a0David Arriaza Gutierrez<\/td>\n<td style=\"width: 10.551%; text-align: center;\">PAS<\/td>\n<td style=\"width: 24.9707%;\">\u00a0<a href=\"mailto:darriaza@us.es\">darriaza@us.es<\/a><\/td>\n<\/tr>\n<\/tbody>\n<\/table>\n<p style=\"padding-left: 30px;\"><span style=\"font-size: 8pt;\">(Actualizado a 12\/09\/2023)<\/span><\/p>\n<h4><span style=\"color: #002858;\">formaci\u00f3n espec\u00edfica en 2024<br \/>\n<\/span><\/h4>\n<ul>\n<li><span style=\"color: #993366;\"><strong>Taller Una aproximaci\u00f3n resiliente a la prevenci\u00f3n de las <span style=\"color: #993366;\">violencias<\/span> de g\u00e9nero<\/strong><\/span> (Duraci\u00f3n: 10h. Presencial 14 y 15 de febrero de 2024).<\/li>\n<li><strong><span style=\"color: #993366;\">Taller Masculinidad y cambio: para unas relaciones de buentrato con las mujeres<\/span><\/strong> (Duraci\u00f3n: 5h. Presencial 19 de febrero de 2024).<\/li>\n<li><strong><span style=\"color: #993366;\">Taller Gesti\u00f3n de Emociones<\/span><\/strong> (Duraci\u00f3n: 5h. Presencial 25 de abril de 2024).<\/li>\n<li><span style=\"color: #993366;\"><strong><span style=\"color: #993366;\">Taller<\/span> Herramientas de Autocuidados<\/strong><\/span> (Duraci\u00f3n: 5h. Presencial 26 de abril de 2024).<\/li>\n<li><strong><span style=\"color: #993366;\">Taller\u00a0Herramientas para gestionar situaciones de acoso sexual en la universidad<\/span><\/strong> (Duraci\u00f3n:10h. Presencial 6 y 7 de junio de 2024).<\/li>\n<li><span style=\"color: #993366;\"><strong>Taller Protocolo de violencia sexual en las universidades<\/strong><\/span> (Duraci\u00f3n:2h. Presencial 8 de junio de 2024).<\/li>\n<li><span style=\"color: #993366;\"><strong>Taller Feminismos, interseccionalidad y derechos humanos <\/strong><\/span>(Duraci\u00f3n:5h. Presencial 20 de junio de 2024).<\/li>\n<\/ul>\n<p>&nbsp;<\/p>\n","protected":false},"excerpt":{"rendered":"<p>Su objeto es fomentar y facilitar las relaciones de convivencia y buentrato en el seno de la comunidad universitaria de la US.<\/p>\n","protected":false},"author":1,"featured_media":2051,"parent":1062,"menu_order":3,"comment_status":"closed","ping_status":"closed","template":"","meta":{"footnotes":""},"class_list":["post-2014","page","type-page","status-publish","has-post-thumbnail","hentry"],"_links":{"self":[{"href":"https:\/\/igualdad.us.es\/wpblog\/wp-json\/wp\/v2\/pages\/2014","targetHints":{"allow":["GET"]}}],"collection":[{"href":"https:\/\/igualdad.us.es\/wpblog\/wp-json\/wp\/v2\/pages"}],"about":[{"href":"https:\/\/igualdad.us.es\/wpblog\/wp-json\/wp\/v2\/types\/page"}],"author":[{"embeddable":true,"href":"https:\/\/igualdad.us.es\/wpblog\/wp-json\/wp\/v2\/users\/1"}],"replies":[{"embeddable":true,"href":"https:\/\/igualdad.us.es\/wpblog\/wp-json\/wp\/v2\/comments?post=2014"}],"version-history":[{"count":48,"href":"https:\/\/igualdad.us.es\/wpblog\/wp-json\/wp\/v2\/pages\/2014\/revisions"}],"predecessor-version":[{"id":7766,"href":"https:\/\/igualdad.us.es\/wpblog\/wp-json\/wp\/v2\/pages\/2014\/revisions\/7766"}],"up":[{"embeddable":true,"href":"https:\/\/igualdad.us.es\/wpblog\/wp-json\/wp\/v2\/pages\/1062"}],"wp:featuredmedia":[{"embeddable":true,"href":"https:\/\/igualdad.us.es\/wpblog\/wp-json\/wp\/v2\/media\/2051"}],"wp:attachment":[{"href":"https:\/\/igualdad.us.es\/wpblog\/wp-json\/wp\/v2\/media?parent=2014"}],"curies":[{"name":"wp","href":"https:\/\/api.w.org\/{rel}","templated":true}]}}