{"id":1351,"date":"2018-07-11T10:23:51","date_gmt":"2018-07-11T10:23:51","guid":{"rendered":"http:\/\/igualdad.us.es\/wpblog\/?page_id=1351"},"modified":"2018-07-11T10:23:51","modified_gmt":"2018-07-11T10:23:51","slug":"fabiola-gianotti","status":"publish","type":"page","link":"https:\/\/igualdad.us.es\/wpblog\/mujeres-destacadas\/fabiola-gianotti\/","title":{"rendered":"Fabiola Gianotti"},"content":{"rendered":"<p style=\"text-align: justify;\"><span style=\"color: #993366;\">Fabiola Gianotti (1960)<\/span><\/p>\n<p>Doctora en F\u00edsica de part\u00edculas experimentales por la Universidad de Mil\u00e1n (1989), el 2016 fue nombrada Directora General de la Organizaci\u00f3n Europea para la Investigaci\u00f3n Nuclear (CERN), siendo la primera mujer en ocupar este cargo.<\/p>\n<p>Es miembro del Consejo Cient\u00edfico del Secretario General de la Organizaci\u00f3n de las Naciones Unidas, Investigadora permanente en el Departamento de F\u00edsica del CERN desde 1996, ha participado en distintos proyectos, habiendo sido portavoz de la colaboraci\u00f3n internacional experimento ATLAS en el Gran Colisionador de Hadrones entre 2013 y 2016. Adem\u00e1s, anunci\u00f3 oficialmente junto a John Incandela el descubrimiento del bos\u00f3n de Higgs en un seminario en el CERN (2012).<\/p>\n<p>Es profesora honoraria de la Universidad de Edimburgo (2013) y miembro de la Accademia Nazionale dei Lincei, miembro asociada extranjera de la Academia Nacional de Ciencias de Estados Unidos y Doctora Honoris Causa por la Universidad de Upsala, la \u00c9cole Polytechnique F\u00e9d\u00e9rale de Lausana (EPFL), la Universidad McGill (Montreal), la Universidad de Oslo y la Universidad de Edimburgo. Adem\u00e1s, fue ganadora del Premio Enrico Fermio de la Sociedad de F\u00edsica de Italia (2013) y fue nombrada Cavaliere di Gran Croce dell\u2019ordine al merito della Repubblica (2014).<\/p>\n<p>Ha sido reconocida como una de las \u201c100 mujeres m\u00e1s inspiradoras del mundo\u201d por el diario The Guardian (2011), adem\u00e1s de ser considerada la quinta \u201cPersonalidad del A\u00f1o\u201d por la Revista Time (2012). El 2013 apareci\u00f3 entre el grupo de los \u201cPrincipales pensadores globales\u201d por la Revista Foreign Policy y entre las \u201c100 mujeres m\u00e1s influyentes del mundo\u201d por la Revista Forbes.<\/p>\n<p><a href=\"https:\/\/igualdad.us.es\/wpblog\/?page_id=910\"><span style=\"color: #993366;\">\u21b5 Volver<\/span><\/a><\/p>\n","protected":false},"excerpt":{"rendered":"<p>F\u00edsica de part\u00edculas experimentales italiana y primera mujer en ser Directora General de la Organizaci\u00f3n Europea para la Investigaci\u00f3n Nuclear (CERN)<\/p>\n","protected":false},"author":1,"featured_media":1353,"parent":910,"menu_order":0,"comment_status":"closed","ping_status":"closed","template":"","meta":{"footnotes":""},"class_list":["post-1351","page","type-page","status-publish","has-post-thumbnail","hentry"],"_links":{"self":[{"href":"https:\/\/igualdad.us.es\/wpblog\/wp-json\/wp\/v2\/pages\/1351","targetHints":{"allow":["GET"]}}],"collection":[{"href":"https:\/\/igualdad.us.es\/wpblog\/wp-json\/wp\/v2\/pages"}],"about":[{"href":"https:\/\/igualdad.us.es\/wpblog\/wp-json\/wp\/v2\/types\/page"}],"author":[{"embeddable":true,"href":"https:\/\/igualdad.us.es\/wpblog\/wp-json\/wp\/v2\/users\/1"}],"replies":[{"embeddable":true,"href":"https:\/\/igualdad.us.es\/wpblog\/wp-json\/wp\/v2\/comments?post=1351"}],"version-history":[{"count":1,"href":"https:\/\/igualdad.us.es\/wpblog\/wp-json\/wp\/v2\/pages\/1351\/revisions"}],"predecessor-version":[{"id":1354,"href":"https:\/\/igualdad.us.es\/wpblog\/wp-json\/wp\/v2\/pages\/1351\/revisions\/1354"}],"up":[{"embeddable":true,"href":"https:\/\/igualdad.us.es\/wpblog\/wp-json\/wp\/v2\/pages\/910"}],"wp:featuredmedia":[{"embeddable":true,"href":"https:\/\/igualdad.us.es\/wpblog\/wp-json\/wp\/v2\/media\/1353"}],"wp:attachment":[{"href":"https:\/\/igualdad.us.es\/wpblog\/wp-json\/wp\/v2\/media?parent=1351"}],"curies":[{"name":"wp","href":"https:\/\/api.w.org\/{rel}","templated":true}]}}