{"id":1293,"date":"2018-07-10T10:22:21","date_gmt":"2018-07-10T10:22:21","guid":{"rendered":"http:\/\/igualdad.us.es\/wpblog\/?page_id=1293"},"modified":"2018-07-10T10:26:15","modified_gmt":"2018-07-10T10:26:15","slug":"kathrin-barboza-marquez","status":"publish","type":"page","link":"https:\/\/igualdad.us.es\/wpblog\/mujeres-destacadas\/kathrin-barboza-marquez\/","title":{"rendered":"Kathrin Barboza M\u00e1rquez"},"content":{"rendered":"<p class=\"selectionShareable\"><span style=\"color: #993366;\"><b><strong>Kathrin Barboza M\u00e1rquez<\/strong> (1983)<\/b><\/span><\/p>\n<p>Bi\u00f3loga especializada en murci\u00e9lagos. Estudi\u00f3 Biolog\u00eda en en la Universidad Mayor de San Sim\u00f3n y es M\u00e1ster en Biolog\u00eda y Conservaci\u00f3n de \u00c1reas Tropicales de la Universidad Internacional Men\u00e9ndez Pelayo.<\/p>\n<p>En 2009 obtuvo una Beca para J\u00f3venes Exploradores de National Geographic y en 2010 y junto a una compa\u00f1era descubri\u00f3 una especie de murci\u00e9lago que se consideraba extinta en Bolivia desde hac\u00eda m\u00e1s de 70 a\u00f1os. Cre\u00f3 una de las primeras bibliotecas de ecolocalizaci\u00f3n de frecuencias para murci\u00e9lagos insect\u00edvoros en Bolivia.<\/p>\n<p>Se convirti\u00f3 en la primera cient\u00edfica boliviana en ganar una membres\u00eda L&#8217;Or\u00e9al de UNESCO para Mujeres en Ciencia en 2012 y en 2013 fue nombrada por la BBC como parte de la diez mujeres de ciencia m\u00e1s importantes en Latinoam\u00e9rica<\/p>\n<p><a href=\"https:\/\/igualdad.us.es\/wpblog\/?page_id=910\"><span style=\"color: #993366;\">\u21b5 Volver<\/span><\/a><\/p>\n","protected":false},"excerpt":{"rendered":"<p>Bi\u00f3loga y ganadora de dos membres\u00eda L&#8217;Or\u00e9al de UNESCO para Mujeres en Ciencia<\/p>\n","protected":false},"author":1,"featured_media":1299,"parent":910,"menu_order":0,"comment_status":"closed","ping_status":"closed","template":"","meta":{"footnotes":""},"class_list":["post-1293","page","type-page","status-publish","has-post-thumbnail","hentry"],"_links":{"self":[{"href":"https:\/\/igualdad.us.es\/wpblog\/wp-json\/wp\/v2\/pages\/1293","targetHints":{"allow":["GET"]}}],"collection":[{"href":"https:\/\/igualdad.us.es\/wpblog\/wp-json\/wp\/v2\/pages"}],"about":[{"href":"https:\/\/igualdad.us.es\/wpblog\/wp-json\/wp\/v2\/types\/page"}],"author":[{"embeddable":true,"href":"https:\/\/igualdad.us.es\/wpblog\/wp-json\/wp\/v2\/users\/1"}],"replies":[{"embeddable":true,"href":"https:\/\/igualdad.us.es\/wpblog\/wp-json\/wp\/v2\/comments?post=1293"}],"version-history":[{"count":2,"href":"https:\/\/igualdad.us.es\/wpblog\/wp-json\/wp\/v2\/pages\/1293\/revisions"}],"predecessor-version":[{"id":1298,"href":"https:\/\/igualdad.us.es\/wpblog\/wp-json\/wp\/v2\/pages\/1293\/revisions\/1298"}],"up":[{"embeddable":true,"href":"https:\/\/igualdad.us.es\/wpblog\/wp-json\/wp\/v2\/pages\/910"}],"wp:featuredmedia":[{"embeddable":true,"href":"https:\/\/igualdad.us.es\/wpblog\/wp-json\/wp\/v2\/media\/1299"}],"wp:attachment":[{"href":"https:\/\/igualdad.us.es\/wpblog\/wp-json\/wp\/v2\/media?parent=1293"}],"curies":[{"name":"wp","href":"https:\/\/api.w.org\/{rel}","templated":true}]}}